{"id":2126,"date":"2016-07-07T19:17:34","date_gmt":"2016-07-07T19:17:34","guid":{"rendered":"http:\/\/roztocze24.info\/?page_id=2126"},"modified":"2025-10-01T16:53:21","modified_gmt":"2025-10-01T14:53:21","slug":"wschodni-szlak-rowerowy-green-velo-jesien-2015","status":"publish","type":"page","link":"https:\/\/roztocze24.info\/?page_id=2126","title":{"rendered":"Wschodni Szlak Rowerowy Green Velo I"},"content":{"rendered":"\n<p><strong>Odcinek: Krasnystaw \u2013 Zwierzyniec \u2013 Susiec \u2013 Horyniec \u2013 Budzy\u0144, znaki pomara\u0144czowe, 202 km<\/strong><\/p>\n\n\n\n<p>Has\u0142o Green Velo to nawi\u0105zanie do europejskiej sieci szlak\u00f3w rowerowych Euro Velo. Trasa Polski Wschodniej liczy sobie w ca\u0142o\u015bci a\u017c 2070 km, z czego na szlak g\u0142\u00f3wny przypada 1885 km, a reszta to trasy boczne. Spora cz\u0119\u015b\u0107 jazdy wypadnie w pobli\u017cu granicy pa\u0144stwowej (na opisywanym odcinku b\u0119dzie to odcinek Horyniec \u2013 Budzy\u0144), dlatego nie mo\u017cna zapomnie\u0107 o posiadaniu dokument\u00f3w, najlepiej te\u017c zg\u0142asza\u0107 sw\u00f3j pobyt Stra\u017cy Granicznej.<\/p>\n\n\n<div class=\"wp-block-image\">\n<figure class=\"aligncenter\"><img loading=\"lazy\" decoding=\"async\" width=\"750\" height=\"500\" src=\"http:\/\/roztocze24.info\/wp-content\/uploads\/2019\/03\/IMG_0001.jpg\" alt=\"\" class=\"wp-image-5858\" srcset=\"https:\/\/roztocze24.info\/wp-content\/uploads\/2019\/03\/IMG_0001.jpg 750w, https:\/\/roztocze24.info\/wp-content\/uploads\/2019\/03\/IMG_0001-300x200.jpg 300w\" sizes=\"auto, (max-width: 750px) 85vw, 750px\" \/><\/figure>\n<\/div>\n\n\n<p><\/p>\n\n\n\n<p>Opr\u00f3cz zwyk\u0142ych znak\u00f3w szlaku (przyk\u0142adowy znak powy\u017cej) spotkamy po drodze tabliczki uwzgl\u0119dniaj\u0105ce kilometra\u017c do wi\u0119kszych miejscowo\u015bci, a tak\u017ce tablice ze schematami rozrysowuj\u0105cymi kierunki, w kt\u00f3rych mo\u017cna si\u0119 uda\u0107 na wa\u017cniejszych skrzy\u017cowaniach szlak\u00f3w rowerowych. Wa\u017cne s\u0105 tak\u017ce do\u015b\u0107 liczne miejsca obs\u0142ugi rower\u00f3w (MOR) ze stojakami na rowery i \u0142awami. Na niekt\u00f3rych odcinkach spotkamy \u015bcie\u017cki rowerowe oddzielone od dr\u00f3g asfaltowych, prowadz\u0105ce r\u00f3wnolegle do nich. W za\u0142o\u017ceniu mia\u0142o tak by\u0107 w przypadku szos, na kt\u00f3rych nat\u0119\u017cenie ruchu samochodowego przekracza 1000 pojazd\u00f3w na dob\u0119. Dok\u0142adn\u0105 map\u0119 szlaku mo\u017cna zobaczy\u0107 na oficjalnej stronie: <a href=\"http:\/\/greenvelo.pl\/portal\/\">Green Velo<\/a>.<\/p>\n\n\n\n<p>Opisy krajoznawcze umieszczam tylko w odniesieniu do miejsc, kt\u00f3re nie s\u0105 opisywane w moim podstawowym przewodniku <em>Roztocze Polskie i Ukrai\u0144skie<\/em> (Rewasz, 2015).<\/p>\n\n\n\n<p>Do Krasnegostawu z rowerem najdogodniej dojecha\u0107 kolej\u0105. Obecnie mamy do wyboru kilka ca\u0142orocznych kurs\u00f3w szynobus\u00f3w relacji Lublin \u2013 Zamo\u015b\u0107, skomunikowanych z poci\u0105gami z\/do Warszawy. Uwaga! W Krasnymstawie s\u0105 dwie stacje, jad\u0105c od strony Lublina b\u0119d\u0105 to Krasnystaw Fabryczny, a nast\u0119pnie Krasnystaw Miasto. Wysiadamy na tej drugiej.<\/p>\n\n\n\n<p><strong>Krasnystaw<\/strong> \u2013 wzmiankowany by\u0142 w 1219 r. jako Szczekarzew. Prawa miejskie od 1394 r., ju\u017c wtedy wi\u00f3d\u0142 t\u0119dy wa\u017cny szlak handlowy. Obecna nazwa zaistnia\u0142a w XV w. W 2 po\u0142. XVI w. wzniesiono tu zamek z polecenia kr\u00f3la Kazimierza Wielkiego (dzisiaj w tym miejscu jest plac przy ul. Zamkowej). Od XV w. siedziba starostwa grodowego. W latach 1490-1826, w\u0142a\u015bnie w Krasnymstawie, mie\u015bci\u0142a si\u0119 siedziba rzymskokatolickiej diecezji che\u0142mskiej (od 1790 che\u0142msko-lubelskiej). W XVI i XVII w. Krasnystaw by\u0142 o\u015brodkiem handlu zbo\u017cem, Wieprz by\u0142 wtedy rzek\u0105 sp\u0142awn\u0105. W 1518 r. miasto otrzymuje przywilej sk\u0142adu soli. W 1588 na tutejszym zamku Jan Zamoyski przetrzymywa\u0142 ksi\u0119cia Maksymiliana Habsburga, wzi\u0119tego do niewoli po bitwie pod Byczyn\u0105. W 1782 r. dzia\u0142a\u0142y w Krasnymstawie a\u017c cztery browary: miejski, J\u00f3zefa Tobiaszewskiego, pojezuicki i ojc\u00f3w augustian\u00f3w. Z czasem wszystkie zosta\u0142y zamkni\u0119te, a swoist\u0105 pami\u0105tk\u0105 pozosta\u0142a nazwa jednej z ulic: Browarna. Do tradycji powr\u00f3cono w 1995 r., gdy za\u0142o\u017cono nowy browar Hetman, tym razem przy ul. Gospodarczej 7. Niestety sprzeda\u017c by\u0142a niska i zak\u0142ad zamkni\u0119to w 2004 r. Ale i tak Krasnystaw nadal jest wa\u017cnym miejscem dla smakoszy piwa, bowiem to w\u0142a\u015bnie tutaj od 1971 r. organizowane jest Og\u00f3lnopolskie \u015awi\u0119to Chmielarzy i Piwowar\u00f3w \u2013 <em>Chmielaki Krasnostawskie<\/em>. To najstarszy festiwal piwny w Polsce! A jest te\u017c nowy festiwal, organizowany przez fundacj\u0119 TuDZIEJE, stawiaj\u0105cy na hip-hop.<\/p>\n\n\n\n<p>Warto wspomnie\u0107 tak\u017ce o wydr\u0105\u017conych w lessach podziemnych korytarzach i komorach. Cz\u0119\u015b\u0107 z nich zobaczy\u0107 mo\u017cna w Muzeum Regionalnym, utworzonym w 1958 r. w dawn<strong>ym kolegium jezuickim. Cz\u0119\u015b\u0107 ekspozycji ulokowano w\u0142a\u015bnie w piwnicach, to rasowa podziemna trasa turystyczna, cho\u0107 oficjalnie nie u\u017cywa si\u0119 tej nazwy<\/strong>.<\/p>\n\n\n<div class=\"wp-block-image\">\n<figure class=\"aligncenter\"><img loading=\"lazy\" decoding=\"async\" width=\"333\" height=\"500\" src=\"http:\/\/roztocze24.info\/wp-content\/uploads\/2019\/03\/WP_20160323_021-podziemia-w-muzeum.jpg\" alt=\"\" class=\"wp-image-5861\" srcset=\"https:\/\/roztocze24.info\/wp-content\/uploads\/2019\/03\/WP_20160323_021-podziemia-w-muzeum.jpg 333w, https:\/\/roztocze24.info\/wp-content\/uploads\/2019\/03\/WP_20160323_021-podziemia-w-muzeum-200x300.jpg 200w\" sizes=\"auto, (max-width: 333px) 85vw, 333px\" \/><\/figure>\n<\/div>\n\n\n<p>Muzeum posiada zbiory licz\u0105ce ok. 10 000 eksponat\u00f3w i oferuje nast\u0119puj\u0105ce ekspozycje: archeologiczn\u0105, historyczn\u0105, etnograficzn\u0105, sztuki dawnej i sztuki sakralnej. Muzeum czynne jest od wtorku do pi\u0105tku w godz. 10.00-16.00, w soboty i niedziele w godz. 10.00-15.00, nieczynne w poniedzia\u0142ki i \u015bwi\u0119ta.<\/p>\n\n\n\n<p>Zabytki<\/p>\n\n\n\n<ol class=\"wp-block-list\">\n<li>Ko\u015bci\u00f3\u0142 parafialny pw. \u015bw. Franciszka Ksawerego, murowany, barokowy, wzniesiony w latach 1695-1717 (pierwotnie ko\u015bci\u00f3\u0142 klasztorny jezuit\u00f3w). Przed nim figura Matki Bo\u017cej z 1860 r. Na postumencie tablice opisuj\u0105ce zapadni\u0119cie si\u0119 kopu\u0142y ko\u015bcio\u0142a z 1849 r.<\/li>\n\n\n\n<li>Gmach kolegium jezuit\u00f3w, powsta\u0142 razem z ko\u015bcio\u0142em.<\/li>\n\n\n\n<li>Pa\u0142ac biskupi z 1 po\u0142. XVIII w.<\/li>\n\n\n\n<li>Stary ko\u015bci\u00f3\u0142 i klasztor augustynian\u00f3w. Ko\u015bci\u00f3\u0142 ufundowany przez kr\u00f3la W\u0142adys\u0142awa Jagie\u0142\u0142\u0119, wzniesiono w latach w latach 1394-1434. Dwukrotnie odbudowywany po zniszczeniach: przez Tatar\u00f3w w 1458 r. i Szwed\u00f3w w 1656 r. Nieopodal ko\u015bcio\u0142a znajduje si\u0119 klasztor z 2 po\u0142. XVII w.<\/li>\n\n\n\n<li>Nowy ko\u015bci\u00f3\u0142 i klasztor poaugustia\u0144ski. Ko\u015bci\u00f3\u0142 parafialny pw. \u015bw. Tr\u00f3jcy wzniesiony w latach 1837-1839. Klasztor powsta\u0142 ok. 1826 r.<\/li>\n\n\n\n<li>Dom sejmikowy z 1928 r.<\/li>\n\n\n\n<li>Magistrat, tak\u017ce z okresu mi\u0119dzywojennego.<\/li>\n<\/ol>\n\n\n\n<p>Na rynku uwag\u0119 zwraca oryginalne i s\u0142ynne <em>kl\u0119cz\u0105ce drzewo: <\/em>pomnikowy klon jesionolistny. To drzewo Roku 2018 w plebiscycie Klubu Gaja. W ostatnich latach ju\u017c kilkakrotnie pr\u00f3bowano go wyci\u0105\u0107, jednak za ka\u017cdym razem zosta\u0142o to oprotestowane przez mieszka\u0144c\u00f3w. Powsta\u0142 nawet Krasnostawski Ruch Ekologiczny <em>Viridis<\/em>.<\/p>\n\n\n<div class=\"wp-block-image\">\n<figure class=\"aligncenter\"><img loading=\"lazy\" decoding=\"async\" width=\"750\" height=\"500\" src=\"http:\/\/roztocze24.info\/wp-content\/uploads\/2019\/03\/IMG_2102.jpg\" alt=\"\" class=\"wp-image-5860\" srcset=\"https:\/\/roztocze24.info\/wp-content\/uploads\/2019\/03\/IMG_2102.jpg 750w, https:\/\/roztocze24.info\/wp-content\/uploads\/2019\/03\/IMG_2102-300x200.jpg 300w\" sizes=\"auto, (max-width: 750px) 85vw, 750px\" \/><\/figure>\n<\/div>\n\n\n<p><\/p>\n\n\n\n<p>Przy rynku zobaczymy tak\u017ce wi\u0119kszo\u015b\u0107 zabytk\u00f3w: sejmik krasnostawski, ko\u015bci\u00f3\u0142 pw. \u015aw. Franciszka Ksawerego (na jego zapleczu pi\u0119kne ogrody: biblijny Jana Paw\u0142a II i marze\u0144 \u015bw. Franciszka Ksawerego), pojezuicki zesp\u00f3\u0142 klasztorny (ze wspomnianym Muzeum Regionalnym) i magistrat. Ponadto na rynku znajduj\u0105 si\u0119 dwa pomniki, pierwszy pami\u0119ci \u017co\u0142nierzy, partyzant\u00f3w i wi\u0119\u017ani\u00f3w z lat 1939-45, drugi pami\u0119ci poety-samouka Stefana Bojarczuka (odwzorowano jego posta\u0107, zasiadaj\u0105c\u0105 przy stoliku, obok mo\u017cemy przysi\u0105\u015b\u0107 na wolnym krze\u015ble, b\u0119d\u0105cym elementem tej konstrukcji). Warto zwraca\u0107 uwag\u0119 tak\u017ce na cztery tablice wmurowane w elewacje budynk\u00f3w: pierwsza wskazuje na dom, w kt\u00f3rym urodzi\u0142 si\u0119 wybitny grafik Antoni Oleszczy\u0144ski (1794-1879, p\u00f3\u0142nocna pierzeja rynku), nast\u0119pne dwie umieszczono na frontonie muzeum, pierwsza upami\u0119tnia wywodz\u0105cych si\u0119 z Krasnegostawu i okolic ofiar zbrodni katy\u0144skiej, druga ofiary represji komunistycznego powiatowego urz\u0119du bezpiecze\u0144stwa publicznego, a ods\u0142oni\u0119to j\u0105 w 70-t\u0105 rocznic\u0119 napa\u015bci wojsk sowieckich na Polsk\u0119, a ostatnia wywodz\u0105cych si\u0119 z Krasnegostawu uczestnik\u00f3w Powstania Warszawskiego (wschodnia pierzeja rynku).<\/p>\n\n\n\n<p>Oryginaln\u0105 osobliwo\u015bci\u0105 rynku jest s\u0142upek z poniek\u0105d <em>unijnymi<\/em> drogowskazami. Dowiemy si\u0119 z niego, \u017ce do Brukseli jest st\u0105d 1519 km, do wschodniej granicy unii Europejskiej 58 km, a do miejsca, gdzie spotykaj\u0105 si\u0119 granice Polski, Bia\u0142orusi i Ukrainy (tzw. tr\u00f3jstyk) 80 km (to Orch\u00f3wek pod W\u0142odaw\u0105).<\/p>\n\n\n\n<p>W 2023 r. ameryka\u0144ski aktor i re\u017cyser Jesse Eisenberg zrealizowa\u0142 w Krasnymstawie film \u201ePrawdziwy b\u00f3l\u201d. To opowie\u015b\u0107 o kuzynach, kt\u00f3rzy zwiedzaj\u0105 Polsk\u0119 pod\u0105\u017caj\u0105c \u015bladami \u017byd\u00f3w, a t\u0119 podr\u00f3\u017c ko\u0144cz\u0105 na jednym z podw\u00f3rek przy ul. Ko\u015bcielnej. Graj\u0105cy w tym filmie Kieran Culkin zdoby\u0142 s\u0142ynnego Oskara za najlepsz\u0105 drugoplanow\u0105 rol\u0119 m\u0119sk\u0105, a sam tw\u00f3rca Eisenberg dosta\u0142 nominacj\u0119 do Oskara za najlepszy oryginalny scenariusz.<\/p>\n\n\n\n<p>Zaczynamy przygod\u0119 ze szlakiem Euro Velo. Ze stacji kolejowej wychodzimy na ul. Lwowsk\u0105 (droga wojew\u00f3dzka nr 812 z Che\u0142ma) i skr\u0119camy w lewo. Po 200 m skrzy\u017cowanie, tu \u2013 skr\u0119caj\u0105c w prawo (ul. Grobla) \u2013 w\u0142\u0105czamy si\u0119 w tras\u0119 naszego szlaku. Nieopodal pierwszy punkt obs\u0142ugi rower\u00f3w z \u0142awkami i wiat\u0105 turystyczn\u0105.<br>\n500 m dalej prostopad\u0142a ul. Mostowa. Udajemy si\u0119 w lewo. Przekraczamy most na rzece Wieprz i docieramy na rynek. Uliczki s\u0105 tu jednokierunkowe, co uwzgl\u0119dnili autorzy szlaku znakuj\u0105c tras\u0119 nieco inaczej, w zale\u017cno\u015bci od kierunku jazdy. Wg <em>naszego<\/em> kierunku okr\u0105\u017camy rynek (ale jad\u0105c w drug\u0105 stron\u0119 jazda by\u0142aby kr\u00f3tsza, jedynie wzd\u0142u\u017c wsch. jego skraju).<\/p>\n\n\n\n<p>Z p\u0142d. kra\u0144ca rynku zmierzamy za znakami na p\u0142n.-wsch. do skrzy\u017cownia z ul. Browarn\u0105 (jeszcze w latach 90. XX w by\u0142 w tym mie\u015bcie browar), gdzie w prawo. Przed nami prostopad\u0142a ul. Partyzant\u00f3w, tu w lewo. Wje\u017cd\u017camy na \u017cwirowan\u0105 dr\u00f3\u017ck\u0119 wiod\u0105c\u0105 malowniczo wa\u0142em wzd\u0142u\u017c rzeki Wieprz, a nast\u0119pnie rzeki \u017b\u00f3\u0142kiewka. Przeje\u017cd\u017camy czerwony mostek&#8230;<\/p>\n\n\n<div class=\"wp-block-image\">\n<figure class=\"aligncenter\"><img loading=\"lazy\" decoding=\"async\" width=\"750\" height=\"500\" src=\"http:\/\/roztocze24.info\/wp-content\/uploads\/2019\/03\/WP_20160323_027.jpg\" alt=\"\" class=\"wp-image-5862\" srcset=\"https:\/\/roztocze24.info\/wp-content\/uploads\/2019\/03\/WP_20160323_027.jpg 750w, https:\/\/roztocze24.info\/wp-content\/uploads\/2019\/03\/WP_20160323_027-300x200.jpg 300w\" sizes=\"auto, (max-width: 750px) 85vw, 750px\" \/><\/figure>\n<\/div>\n\n\n<p><\/p>\n\n\n\n<p>&#8230;za nim ciekawostka \u2013 zawieszony ogranicznik wysoko\u015bci. Przed nami most drogowy, kt\u00f3rego szczytem prowadzi szosa z Krasnegostawu do Lublina (4,0 km). Dla rowerzyst\u00f3w przygotowano specjaln\u0105 \u015bcie\u017ck\u0119 pod nim, jednak jest tu nisko, znacznie ni\u017cej, ni\u017c wskazywa\u0142 chwil\u0119 wcze\u015bniej ogranicznik. Najlepiej na chwil\u0119 zej\u015b\u0107 z roweru. Asfaltowa alejka wiedzie st\u0105d \u0142ukiem do ul. Czechowicza. Po chwili skr\u0119camy w prawo, w ul. Wysock\u0105. 600 m dalej skr\u0119t w prawo, a po chwili w lewo. Korzystamy z ul. S\u0142onecznej, a nast\u0119pnie Makuszy\u0144skiego, docieraj\u0105c do prostopad\u0142ej ul. Borowej. Tu w lewo, a po 200 m w prawo, w drog\u0119 poln\u0105. Przed nami prostopad\u0142a ul. Krasickiego, tu w lewo. Ponownie nawierzchnia asfaltowa. Jedziemy na p\u0142d.-zach.<\/p>\n\n\n\n<p>12,5 km \u2013 skr\u0119t w prawo w utwardzan\u0105 (nieco) drog\u0119 poln\u0105, kt\u00f3ra wiedzie w d\u00f3\u0142. Zje\u017cd\u017camy, podziwiaj\u0105c do\u015b\u0107 rozleg\u0142e widoki, tudzie\u017c gniazda jask\u00f3\u0142ki brzeg\u00f3wki w w\u0105wozie. 2 km dalej w prawo. Za szos\u0105 przeje\u017cd\u017camy przez wie\u015b <strong>Roman\u00f3w<\/strong>. 4 km dalej, na skraju Ostrzycy, ostry skr\u0119t w lewo, a nieco ponad nast\u0119pnym 1 km, na skraju Tarnog\u00f3ry, r\u00f3wnie ostry skr\u0119t, tym razem w prawo. Zje\u017cd\u017camy w dolin\u0119 rzeki Wieprz, kt\u00f3ra p\u0142yn\u0105\u0107 tu b\u0119dzie bardzo blisko szosy.<\/p>\n\n\n\n<p>23 km \u2013 na skraju <strong>Wirkowic<\/strong> skr\u0119t w lewo. Kolejny odcinek pokrywa si\u0119 z <em>zielonym<\/em> szlakiem rowerowym <em>Nad Zalewem<\/em> (Nielisz \u2013 Staw Noakowski). Jedziemy przez <strong>Ujazd\u00f3w<\/strong>, mijaj\u0105c po lewej \u0142adny murowany dworek Bentkowskich z 1874 r. (uwaga \u2013 fotografowanie obiektu jest\u2026 p\u0142atne!). Dalej <strong>Staw Noakowski<\/strong> z ciekaw\u0105, rozbudowan\u0105 kapliczk\u0105 przydro\u017cn\u0105 (po prawej).<\/p>\n\n\n\n<p>30,5 km \u2013 przecinamy skrzy\u017cowanie z drog\u0105 wojew\u00f3dzk\u0105 nr 837. Tabliczka kierunkowa pokazuje drog\u0119 do drewnianej kapliczki postawionej nad \u017ar\u00f3d\u0142ami \u015bw. Jana. To propozycja wycieczki bocznej. Podstawowy szlak wiedzie jednak prosto. Po prawej, na pag\u00f3rku, mijamy cmentarz z okresu I wojny \u015bwiatowej. Po lewej tama i skraj rozleg\u0142ego zalewu <strong>Nielisz<\/strong>. Przejedziemy wzd\u0142u\u017c jego zach. skraju. To tak\u017ce fragment <em>niebieskiego<\/em> szlaku rowerowego Nad zalewem (p\u0119tla wok\u00f3\u0142 Nielisza).<\/p>\n\n\n<div class=\"wp-block-image\">\n<figure class=\"aligncenter\"><img loading=\"lazy\" decoding=\"async\" width=\"750\" height=\"500\" src=\"http:\/\/roztocze24.info\/wp-content\/uploads\/2019\/03\/WP_20160711_002.jpg\" alt=\"\" class=\"wp-image-5864\" srcset=\"https:\/\/roztocze24.info\/wp-content\/uploads\/2019\/03\/WP_20160711_002.jpg 750w, https:\/\/roztocze24.info\/wp-content\/uploads\/2019\/03\/WP_20160711_002-300x200.jpg 300w\" sizes=\"auto, (max-width: 750px) 85vw, 750px\" \/><\/figure>\n<\/div>\n\n\n<p><\/p>\n\n\n\n<p>39 km \u2013 po prawej wyj\u0105tkowo rozleg\u0142e miejsce obs\u0142ugi rowerzyst\u00f3w. Zobaczymy zadaszenie i miejsce na ognisko, a nawet wie\u017c\u0119 widokow\u0105! 1 km dalej, przy prostopad\u0142ej drodze, skr\u0119t w lewo. Po nast\u0119pnych 2 km w lewo. T\u0119dy wiedzie tak\u017ce d\u0142ugodystansowy czarny szlak rowerowy Czarna Per\u0142a.<\/p>\n\n\n\n<p>Nieco poni\u017cej po\u0142udniowego kra\u0144ca zalewu Nielisz przecinamy mostek na niewielkim w tym miejscu Wieprzu. Przy prostopad\u0142ej szosie Deszkowice \u2013 Micha\u0142\u00f3w w prawo.<br>\n45,5 km \u2013 skrzy\u017cowanie dr\u00f3g, nieopodal parku krajobrazowego, w kt\u00f3rego sercu znajduje si\u0119 dawny pa\u0142ac Zamoyskich. Przy trasie szlaku inna ciekawostka \u2013 park linowy. Jedziemy 250 m na zach. przez kolejny most na Wieprzu i skr\u0119camy w lewo.<br>\n49 km \u2013 skrzy\u017cowanie z drog\u0105 krajow\u0105 nr 74 z Zamo\u015bcia. Tu dwa pomniki: pami\u0119ci Tadeusza Ko\u015bciuszki oraz pami\u0119ci pracownik\u00f3w pobliskiej (a dzi\u015b ju\u017c niestety zlikwidowanej) cukrowni, zabitych przez Niemc\u00f3w w czasie II wojny \u015bwiatowej (w\u015br\u00f3d nich uczestnik s\u0142ynnej bitwy pod Osuchami z 1944 r. \u2013 Stanis\u0142aw \u0141asocha).<br>\nSkr\u0119camy w lewo, korzystaj\u0105c z (kr\u00f3tkiego niestety) wydzielonego pasa dla rowerzyst\u00f3w. Po prawej mijamy drewniany wiatrak (na zdj\u0119ciu), ostatni na Roztoczu, przeniesiony w to miejsce ze wsi Gr\u00f3dki. Obok muzeum skamienia\u0142o\u015bci i minera\u0142\u00f3w przy restauracji Klemens.<\/p>\n\n\n<div class=\"wp-block-image\">\n<figure class=\"aligncenter\"><img loading=\"lazy\" decoding=\"async\" width=\"333\" height=\"500\" src=\"http:\/\/roztocze24.info\/wp-content\/uploads\/2019\/03\/IMG_6478.jpg\" alt=\"\" class=\"wp-image-5937\" srcset=\"https:\/\/roztocze24.info\/wp-content\/uploads\/2019\/03\/IMG_6478.jpg 333w, https:\/\/roztocze24.info\/wp-content\/uploads\/2019\/03\/IMG_6478-200x300.jpg 200w\" sizes=\"auto, (max-width: 333px) 85vw, 333px\" \/><\/figure>\n<\/div>\n\n\n<p><\/p>\n\n\n\n<p>50 km \u2013 <strong>Bodacz\u00f3w<\/strong>, udajemy si\u0119 w prawo, przy prostopad\u0142ej szosie ponownie w prawo. Jedziemy wzd\u0142u\u017c linii kolejowej Zawada \u2013 Be\u0142\u017cec. Nieopodal znajduje si\u0119 stacja Klemens\u00f3w (dojazd szutrow\u0105 drog\u0105 po\u0142o\u017con\u0105 pomi\u0119dzy domami nr 27 i 25, szynobusy zatrzymuj\u0105 si\u0119 tu w weekend majowy i codziennie w wakacje).<\/p>\n\n\n\n<p>59 km \u2013 okolice dawnej gaj\u00f3wki Szlak\u00f3wka, mijamy tu ciekaw\u0105 murowan\u0105 kapliczk\u0119. Docieramy do drogi wojew\u00f3dzkiej nr 858 Szczebrzeszyn \u2013 Zwierzyniec. W prawo do s\u0142ynnego grodu chrz\u0105szcza. Pocz\u0105tkowo i my udajemy si\u0119 w tym kierunku, obje\u017cd\u017caj\u0105c kapliczk\u0119 i od razu skr\u0119caj\u0105c w lewo, w stron\u0119 Zwierzy\u0144ca.<\/p>\n\n\n\n<p>Mijamy odbiegaj\u0105c\u0105 w lewo szos\u0119 do stacji PKP Szczebrzeszyn (st\u0105d 300 m).<\/p>\n\n\n\n<p>61,5 km \u2013 wreszcie na d\u0142u\u017csz\u0105 chwil\u0119 mo\u017cemy przesta\u0107 uwa\u017ca\u0107 na samochody, tu zaczyna si\u0119 bowiem elegancka asfaltowa droga rowerowa, ca\u0142kowicie oddzielona od g\u0142\u00f3wnej szosy (na zdj\u0119ciu). Dlaczego takich odcink\u00f3w jest tak niewiele na roztocza\u0144skim odcinku szlaku?<\/p>\n\n\n<div class=\"wp-block-image\">\n<figure class=\"aligncenter\"><img loading=\"lazy\" decoding=\"async\" width=\"750\" height=\"500\" src=\"http:\/\/roztocze24.info\/wp-content\/uploads\/2019\/03\/IMG_0894.jpg\" alt=\"\" class=\"wp-image-5866\" srcset=\"https:\/\/roztocze24.info\/wp-content\/uploads\/2019\/03\/IMG_0894.jpg 750w, https:\/\/roztocze24.info\/wp-content\/uploads\/2019\/03\/IMG_0894-300x200.jpg 300w\" sizes=\"auto, (max-width: 750px) 85vw, 750px\" \/><\/figure>\n<\/div>\n\n\n<p><\/p>\n\n\n\n<p>W <strong>Zwierzy\u0144cu<\/strong>, przed ko\u015bcio\u0142em, szlak przenosi si\u0119 na drug\u0105 stron\u0119 szosy. Tam, w lesie, przyjemne miejsce obs\u0142ugi rowerzyst\u00f3w.<\/p>\n\n\n\n<p>Na skrzy\u017cowaniu skr\u0119t w lewo, w ul. Partyzant\u00f3w. Po kolejnych niemal 300 m (lokalne trasy odbiegaj\u0105 wcze\u015bniej!) skr\u0119t w prawo, w kierunku parku. Przeje\u017cd\u017camy przez k\u0142adk\u0119 na Wieprzu (to ju\u017c ostatnie spotkanie z t\u0105 rzek\u0105). Teraz pomnik upami\u0119tniaj\u0105cy pobyt w tym miejscu J. Pi\u0142sudskiego, a dalej osobliwo\u015b\u0107 \u2013 g\u0142az wystawiony po pladze szara\u0144czy. Docieramy nad Staw Ko\u015bcielny z przepi\u0119knym murowanym barokowym ko\u015bcio\u0142em.<\/p>\n\n\n<div class=\"wp-block-image\">\n<figure class=\"aligncenter\"><img loading=\"lazy\" decoding=\"async\" width=\"750\" height=\"500\" src=\"http:\/\/roztocze24.info\/wp-content\/uploads\/2019\/03\/IMG_4724.jpg\" alt=\"\" class=\"wp-image-4550\" srcset=\"https:\/\/roztocze24.info\/wp-content\/uploads\/2019\/03\/IMG_4724.jpg 750w, https:\/\/roztocze24.info\/wp-content\/uploads\/2019\/03\/IMG_4724-300x200.jpg 300w\" sizes=\"auto, (max-width: 750px) 85vw, 750px\" \/><\/figure>\n<\/div>\n\n\n<p><\/p>\n\n\n\n<p>W lewo odbiega ul. Wachniewskiej, kt\u00f3rej przed\u0142u\u017ceniem jest ul. Kolejowa, prowadz\u0105c\u0105 faktycznie do stacji PKP Zwierzyniec (st\u0105d 1 km). My pod\u0105\u017camy jednak drog\u0105 wzd\u0142u\u017c wsch. skraju stawu, nieopodal dawnego browaru (dzi\u015b muzeum). Zmierzamy do o\u015brodka edukacyjno-muzealnego RPN. Przy wje\u017adzie, w sklepiku, nale\u017cy wykupi\u0107 bilet wst\u0119pu na prowadz\u0105c\u0105 przez Roztocza\u0144ski Park Narodowy (RPN) tras\u0119 rowerow\u0105 do Florianki (znaki \u017c\u00f3\u0142te). W\u0142a\u015bnie ni\u0105 wiedzie dalszy fragment g\u0142\u00f3wnej cz\u0119\u015bci szlaku rowerowego Polski Wschodniej. Uwaga! W\u0105ska szosa! Mijamy parking przy stawach Echo, chwil\u0119 potem drewnian\u0105 wie\u017c\u0119 widokow\u0105.<\/p>\n\n\n\n<p>71 km \u2013 zakr\u0119t szosy. W prawo, w kierunku Bi\u0142goraja, odbiega boczny odcinek szlaku rowerowego Polski Wschodniej. Trasa g\u0142\u00f3wna wiedzie jednak prosto. Wje\u017cd\u017camy na zamkni\u0119ty dla ruchu samochodowego szutrowy dukt. W\u015br\u00f3d pi\u0119knego lasy zmierzamy do Florianki. Po drodze ciekawostka \u2013 obiekty sztuki nowoczesnej LandArt. To dziwna decyzja RPN, kt\u00f3ry powinien raczej koncentrowa\u0107 si\u0119 na ochronie przyrody, a nie na promocji takiej sztuki. O ile te le\u015bne instalacje szcz\u0119\u015bliwie nie przeszkadzaj\u0105, to pot\u0119\u017cna, z\u0142o\u017cona z kij\u00f3w, konstrukcja na bezle\u015bnym wzg\u00f3rzu we Floriance ju\u017c tak \u2013 to element obcy, zaburzaj\u0105cy naturalny krajobraz kulturowy tej dawnej osady le\u015bnej, tak jak i kolejna konstrukcja wzniesiona dok\u0142adnie naprzeciw pomnikowego d\u0119bu Florian.<br>\nWcze\u015bniej jednak mijajmy izb\u0119 le\u015bn\u0105 (tu mieszka\u0142a malarka Roztocza Aleksandra Wachniewska). Mo\u017cna j\u0105 zwiedza\u0107 od maja do czerwca w soboty i niedziele, a tak\u017ce w dni wolne od pracy w godz. 10-17, ponadto po uzgodnieniu, tel. (0-84) 6872 066, 6872 286.<\/p>\n\n\n\n<p>W pobli\u017cu wiele pomnikowych i rzadkich drzew (\u015bcie\u017cka dendrologiczna), z kt\u00f3rych wyr\u00f3\u017cnia\u0107 si\u0119 wspominany d\u0105b Florian. Tu te\u017c hodowla owcy uhruskiej.<br>\n76 km \u2013 skr\u0119t w lewo. Po prawej mijamy wybieg konik\u00f3w polskich.<\/p>\n\n\n<div class=\"wp-block-image\">\n<figure class=\"aligncenter\"><img loading=\"lazy\" decoding=\"async\" width=\"750\" height=\"500\" src=\"http:\/\/roztocze24.info\/wp-content\/uploads\/2019\/03\/IMG_0941.jpg\" alt=\"\" class=\"wp-image-4464\" srcset=\"https:\/\/roztocze24.info\/wp-content\/uploads\/2019\/03\/IMG_0941.jpg 750w, https:\/\/roztocze24.info\/wp-content\/uploads\/2019\/03\/IMG_0941-300x200.jpg 300w\" sizes=\"auto, (max-width: 750px) 85vw, 750px\" \/><\/figure>\n<\/div>\n\n\n<p><\/p>\n\n\n\n<p>Na rozwidleniu obok ikony (kolejny LandArt) w prawo. Niebawem parking i zabudowania <strong>Starego G\u00f3recka<\/strong>. Mijamy schronisko <em>Przy starej szkole<\/em> (tel. 500 076 499). Osi\u0105gamy prostopad\u0142\u0105 szos\u0119. W lewo prowadzi ona do stacji PKP J\u00f3zef\u00f3w Roztocza\u0144ski (st\u0105d 3,5 km), my udajemy si\u0119 jednak w prawo. Przed nami kolejne schronisko \u2013 tym razem z sieci PTSM, mieszcz\u0105ce si\u0119 w nowym budynku szko\u0142y (bardzo klimatyczne).<\/p>\n\n\n\n<p>81 km \u2013 skrzy\u017cowane szos. Tu w lewo. Spotykamy znaki <em>czerwone<\/em> Centralnego Szlaku Rowerowego Roztocza, kt\u00f3ry prowadzi\u0142 tu ze Zwierzy\u0144ca d\u0142u\u017csz\u0105 drog\u0105, szosami przez wsie <strong>Szozdy<\/strong> i <strong>Tereszpol<\/strong>.<\/p>\n\n\n\n<p>Przed nami <strong>Brzeziny<\/strong>. Za wsi\u0105 rozpoczynaj\u0105 si\u0119 lasy Puszczy Solskiej. Metalowa tabliczka pokazuje kierunek w lewo do osobliwej figury \u015bw. Miko\u0142aja.<\/p>\n\n\n\n<p>85,5 km \u2013 skr\u0119t w lewo, w utwardzan\u0105 (z lekka) drog\u0119 le\u015bn\u0105 (jest te\u017c dost\u0119pny wariant alternatywny, wiod\u0105cy nadal prosto do prostopad\u0142ej szosy z Aleksandrowa, gdzie w lewo do J\u00f3zefowa, wydzielonym rowerowym pasem ruchu).<\/p>\n\n\n\n<p>Na trasie g\u0142\u00f3wnej niemal 1 km dalej udajemy si\u0119 w prawo, a po 300 m w lewo. Jedziemy r\u00f3wnolegle do drogi, kt\u00f3r\u0105 poprowadzono lokaln\u0105 tras\u0119 nordic walking. Docieramy do skraju rozbudowywanego zalewu k\u0105pielowego w <strong>J\u00f3zefowie<\/strong> (w lesie po lewej drzewa z kropkami \u2013 to\u2026 nast\u0119pny LandArt).<\/p>\n\n\n\n<p>Jedziemy promenad\u0105 nad skrajem zalewu, skr\u0119caj\u0105c nast\u0119pnie w lewo, pomi\u0119dzy zbiornikami wodnymi. Docieramy do parkingu (87 km). Teraz ul. S\u0142oneczn\u0105 (razem z czarn\u0105 tras\u0105 nordic walking) i dalej ul. \u0179r\u00f3dlan\u0105 do prostopad\u0142ej szosy Borowina \u2013 J\u00f3zef\u00f3w, gdzie w prawo. Skr\u0119camy nast\u0119pnie w lewo w ul. Targow\u0105 i dr\u00f3\u017ck\u0105 obok cmentarza jedziemy na p\u0142d. Za nim skr\u0119t w lewo, wzd\u0142u\u017c drogi wojew\u00f3dzkiej nr 853 (kierunek: Tomasz\u00f3w). Po ledwie 70 m skr\u0119t w prawo, a po kolejnych 500 m w lewo, w ul. Sosnow\u0105. Po tym zygzaku docieramy do szosy J\u00f3zef\u00f3w \u2013 Hamernia. Do kamiennej wie\u017cy postawionej na skraju kamienio\u0142omu w prawo, nasz szlak wiedzie jednak w lewo.<\/p>\n\n\n<div class=\"wp-block-image\">\n<figure class=\"aligncenter\"><img loading=\"lazy\" decoding=\"async\" width=\"333\" height=\"500\" src=\"http:\/\/roztocze24.info\/wp-content\/uploads\/2019\/03\/WP_20140611_032-J\u00f3zef\u00f3w.jpg\" alt=\"\" class=\"wp-image-5867\" srcset=\"https:\/\/roztocze24.info\/wp-content\/uploads\/2019\/03\/WP_20140611_032-J\u00f3zef\u00f3w.jpg 333w, https:\/\/roztocze24.info\/wp-content\/uploads\/2019\/03\/WP_20140611_032-J\u00f3zef\u00f3w-200x300.jpg 200w\" sizes=\"auto, (max-width: 333px) 85vw, 333px\" \/><\/figure>\n<\/div>\n\n\n<p><\/p>\n\n\n\n<p>T\u0119dy prowadzi tak\u017ce <em>czerwony<\/em> Centralny Szlak Rowerowy Roztocza. Nowo\u015bci\u0105 z jesieni 2015 r. jest wydzielony pas ruchu dla rower\u00f3w.<\/p>\n\n\n\n<p>96 km \u2013 prostopad\u0142a szosa w <strong>Hamerni<\/strong>. Centralny czerwony szlak rowerowy wiedzie prosto (prowadzi st\u0105d do Su\u015bca inn\u0105 drog\u0105), w lewo prowadzi droga do stacji kolejowej D\u0142ugi K\u0105t (st\u0105d 3,5 km), a my udajemy si\u0119 za szlakiem Polski Wschodniej w prawo. 2 km dalej przekraczamy most na rzece Sopot. Tu\u017c co za nim, po prawej stronie znajduje si\u0119 parking (pe\u0142ni tak\u017ce funkcj\u0119 miejsca obs\u0142ugi rower\u00f3w). To skraj rezerwatu Czartowe Pole z malowniczymi wodospadami. Zwiedza\u0107 go mo\u017cna pieszo, najlepiej wchodz\u0105c najpierw na odbiegaj\u0105cy od parkingu w g\u0142\u0105b lasu pieszy Kraw\u0119dziowy szlak <em>czerwony<\/em>. Po pokonaniu serii drewnianych pomost\u00f3w dochodzimy do drewnianego mostku. Przechodzimy na drug\u0105 stron\u0119 Sopotu. Szlak czerwony odbiega tu w lewo, w stron\u0119 J\u00f3zefowa, a my w\u0119drujemy dalej za znakami lokalnej niebieskiej \u015bcie\u017cki spacerowej, obchodz\u0105c dooko\u0142a ruiny dawnej papierni i powracaj\u0105c na parking. Ta wycieczka boczna to zaledwie 2 km (nie wliczone do trasy podstawowej).<\/p>\n\n\n<div class=\"wp-block-image\">\n<figure class=\"aligncenter\"><img loading=\"lazy\" decoding=\"async\" width=\"750\" height=\"500\" src=\"http:\/\/roztocze24.info\/wp-content\/uploads\/2019\/03\/IMG_6795.jpg\" alt=\"\" class=\"wp-image-4519\" srcset=\"https:\/\/roztocze24.info\/wp-content\/uploads\/2019\/03\/IMG_6795.jpg 750w, https:\/\/roztocze24.info\/wp-content\/uploads\/2019\/03\/IMG_6795-300x200.jpg 300w\" sizes=\"auto, (max-width: 750px) 85vw, 750px\" \/><\/figure>\n<\/div>\n\n\n<p><\/p>\n\n\n\n<p>2 km dalej <strong>B\u0142udek<\/strong>. Po lewej stronie ma\u0142y parking. Prowadzi przez niego pieszy szlak <em>czerwony<\/em> (Kraw\u0119dziowy), kt\u00f3ry po niespe\u0142na 500 doprowadza do rozleg\u0142ego kamienio\u0142omu, na szczycie kt\u00f3rego znajduje si\u0119 drewniana wie\u017ca widokowa.<br>\nNieco dalej drogowskaz informuje o pobliskim cmentarzu, znajduj\u0105cym si\u0119 na terenie dawnego obozu NKWD dla \u017co\u0142nierzy AK.<\/p>\n\n\n<div class=\"wp-block-image\">\n<figure class=\"aligncenter\"><img loading=\"lazy\" decoding=\"async\" width=\"750\" height=\"500\" src=\"http:\/\/roztocze24.info\/wp-content\/uploads\/2019\/03\/IMG_4178-Bludek.jpg\" alt=\"\" class=\"wp-image-5535\" srcset=\"https:\/\/roztocze24.info\/wp-content\/uploads\/2019\/03\/IMG_4178-Bludek.jpg 750w, https:\/\/roztocze24.info\/wp-content\/uploads\/2019\/03\/IMG_4178-Bludek-300x200.jpg 300w\" sizes=\"auto, (max-width: 750px) 85vw, 750px\" \/><\/figure>\n<\/div>\n\n\n<p><\/p>\n\n\n\n<p>Za lasem <strong>Oseredek<\/strong>. Najpierw przelotne spotkanie z pieszym szlakiem <em>czerwonym<\/em> (Kraw\u0119dziowy), a potem (z lewej) dobiegn\u0105 tu ponownie znaki <em>czerwonego<\/em> Centralnego Szlaku Rowerowego Roztocza, kt\u00f3ry towarzyszy\u0142 nam b\u0119dzie a\u017c do Podlesiny. Mijamy oryginalne muzeum sprz\u0119tu po\u017carniczego. Jeste\u015bmy w <strong>Su\u015bcu<\/strong> \u2013 jednej z najpopularniejszych roztocza\u0144skich miejscowo\u015bci wypoczynkowych.<\/p>\n\n\n\n<p>106 km \u2013 skrzy\u017cowanie z drog\u0105 do Grabowicy, nieopodal szko\u0142y i budynku gminnego o\u015brodka kultury (punkt informacji turystycznej). Warto opu\u015bci\u0107 tu szlak i skr\u0119ci\u0107 w lewo, do\u015b\u0107 strom\u0105 szos\u0105 wspinaj\u0105c si\u0119 na szczyt Grabowieckiej G\u00f3ry z kamienn\u0105 wie\u017c\u0105 widokow\u0105 (w jedn\u0105 stron\u0119 nieco ponad 1 km).<\/p>\n\n\n<div class=\"wp-block-image\">\n<figure class=\"aligncenter\"><img loading=\"lazy\" decoding=\"async\" width=\"750\" height=\"500\" src=\"http:\/\/roztocze24.info\/wp-content\/uploads\/2019\/03\/IMG_0154-Susiec.jpg\" alt=\"\" class=\"wp-image-5868\" srcset=\"https:\/\/roztocze24.info\/wp-content\/uploads\/2019\/03\/IMG_0154-Susiec.jpg 750w, https:\/\/roztocze24.info\/wp-content\/uploads\/2019\/03\/IMG_0154-Susiec-300x200.jpg 300w\" sizes=\"auto, (max-width: 750px) 85vw, 750px\" \/><\/figure>\n<\/div>\n\n\n<p><\/p>\n\n\n\n<p>Korzystaj\u0105c z trasy g\u0142\u00f3wnej jedziemy prosto. 1,2 km dalej rozwidlenie dr\u00f3g. W lewo do pobliskiej stacji PKP Susiec (st\u0105d ledwie 400 m). Szlak Polski Wschodniej wiedzie tu w prawo. Mijamy pomnik Kargula i Pawlaka (na zdj\u0119ciu, Sylwester Ch\u0119ci\u0144ski, re\u017cyser s\u0142ynnych <em>Samych swoich<\/em> pochodzi w\u0142a\u015bnie z Su\u015bca) i boczn\u0105 szos\u0119, kt\u00f3ra w prawo prowadzi do kolejnego rezerwatu z wodospadami po\u0142o\u017conego Nad Tanwi\u0105. Do parkingu na jego skraju, w pobli\u017cu mostu na Tanwi, w jedn\u0105 stron\u0119 3 km. Uwaga! Zwiedzanie rezerwatu z rowerem jest bardzo trudne, bowiem jedna ze \u015bcie\u017cek jest w\u0105ska i prowadzi bezpo\u015brednio nad brzegiem rzeki. Najlepiej rowery zostawi\u0107 pod opiek\u0105 na parkingu. Do wykorzystana mamy tu <em>czerwon\u0105<\/em> \u015bcie\u017ck\u0119 dydaktyczn\u0105 Las\u00f3w Pa\u0144stwowych, i dwa piesze szlaku turystyczne: <em>niebieski<\/em> Szum\u00f3w i \u017c\u00f3\u0142ty <em>Po\u0142udniowy<\/em>. W zale\u017cno\u015bci od wybranego wariantu w\u0119dr\u00f3wka zajmie od 2,5 do 5 km.<\/p>\n\n\n\n<p>Z Su\u015bca jedziemy pasem rowerowym szosy do Tomaszowa Lubelskiego, przekraczaj\u0105c tory linii kolejowej Zawada \u2013 Be\u0142\u017cec. Zgodnie za znakami, skr\u0119camy w lewo mijaj\u0105c pomnik upami\u0119tniaj\u0105cy 400 lat za\u0142o\u017cenia W\u00f3lki \u0141osinieckiej. Do wsi wjedziemy ju\u017c za chwil\u0119, tam skr\u0119t w prawo. Na kolejnym odcinku towarzyszy\u0107 nam b\u0119dzie <em>niebieski<\/em> szlak rowerowy Susiec \u2013 Siwa Dolina i czarny szlak pieszy Walk Partyzanckich. Za zabudowaniami kr\u00f3tki odcinek szutrowy. Za nim prostopad\u0142a szosa, tu w prawo. Mijamy cmentarz wojenny z wrze\u015bnia 1939 r. i wje\u017cd\u017camy do <strong>\u0141osi\u0144ca<\/strong>. Jeszcze przed ko\u015bcio\u0142em (dawna cerkiew grekokatolicka, w pobli\u017cu wywierzysko potoku \u0141osinieckiego ciekawostka \u2013 fragment skrzyd\u0142a Messerschmitta!) niebieski szlak rowerowy odbiega w lewo, w stron\u0119 wzg\u00f3rza, na kt\u00f3rego szczycie znajduje si\u0119 du\u017cy metalowy krzy\u017c.<br>\nMijamy ma\u0142\u0105 murowan\u0105 cerkiew prawos\u0142awn\u0105 (po lewej) i cmentarz. Przecinamy szos\u0119 Susiec \u2013 Tomasz\u00f3w. Przy prostopad\u0142ej drodze w lewo, obok ciekawego du\u017cego kamiennego krzy\u017ca. Po pokonaniu sporej g\u00f3rki osi\u0105gamy Mazi\u0142y. Przy prostopad\u0142ej szosie w lewo (w prawo, w odleg\u0142o\u015bci 1 km znajduje si\u0119 stacja PKP). Za wsi\u0105 jedziemy w\u015br\u00f3d lasu szutrow\u0105 drog\u0105 (jeszcze niedawno by\u0142a piaszczysta).<\/p>\n\n\n\n<p>121 km \u2013 prostopad\u0142a szosa na skraju wsi <strong>Podlesina<\/strong>. <em>Czerwony<\/em> szlak rowerowy odbiega tu w lewo w stron\u0119 Be\u0142\u017cca, a my udajemy si\u0119 w prawo. Przekraczamy kolejny raz tory linii kolejowej Zawada \u2013 Be\u0142\u017cec. Przed nami <strong>Narol<\/strong> \u2013 kolejne z wa\u017cnych roztocza\u0144skich miast. Najpierw, po lewej zobaczymy park krajobrazowy i pa\u0142ac.<\/p>\n\n\n<div class=\"wp-block-image\">\n<figure class=\"aligncenter\"><img loading=\"lazy\" decoding=\"async\" width=\"764\" height=\"500\" src=\"http:\/\/roztocze24.info\/wp-content\/uploads\/2019\/03\/Narol-pa\u0142ac.jpg\" alt=\"\" class=\"wp-image-5869\" srcset=\"https:\/\/roztocze24.info\/wp-content\/uploads\/2019\/03\/Narol-pa\u0142ac.jpg 764w, https:\/\/roztocze24.info\/wp-content\/uploads\/2019\/03\/Narol-pa\u0142ac-300x196.jpg 300w\" sizes=\"auto, (max-width: 764px) 85vw, 764px\" \/><\/figure>\n<\/div>\n\n\n<p><\/p>\n\n\n\n<p>126 km \u2013 docieramy do drogi wojew\u00f3dzkiej nr 865 do Be\u0142\u017cca. Przecinamy j\u0105, udaj\u0105c si\u0119 na p\u0142d.-wsch. Niemal 1 km dalej skr\u0119t w prawo. Mijamy zalew, pomnik \u017co\u0142nierzy wrze\u015bnia 1939 r. i ko\u015bci\u00f3\u0142 w <strong>Lipsku<\/strong> (po drugiej stronie lokalne muzeum). Przekraczamy szos\u0119 Narol \u2013 Werchrata i zmierzamy przez <strong>J\u0119drzej\u00f3wk\u0119<\/strong> i <strong>D\u0119biny<\/strong> do<strong> Huty Z\u0142omy<\/strong>. Z ostatniej g\u00f3rki przed t\u0105 ostatni\u0105 wsi\u0105 \u0142adny widok na jedno z najwy\u017cszych wzg\u00f3rz Roztocza \u2013 Wielki Dzia\u0142.<\/p>\n\n\n\n<p>135 km \u2013 prostopad\u0142a szosa w Hucie Z\u0142omy. Skr\u0119camy w lewo. 600 m dalej wybieramy drog\u0119 prowadz\u0105c\u0105 przez las na p\u0142d.-wsch. Wiedzie ona do wsi <strong>Stara Huta<\/strong>. Nasz\u0105 tras\u0119 przecina <em>niebieski<\/em> szlak rowerowy pozwalaj\u0105cy pozna\u0107 umocnienia Linii Mo\u0142otowa. W kierunku wsch. prowadzi on na szczyt Wielkiego Dzia\u0142u (st\u0105d w jedn\u0105 stron\u0119 niemal 2 km, mo\u017ce niezbyt du\u017co, ale pod g\u00f3r\u0119).<\/p>\n\n\n\n<p>Now\u0105 szos\u0105 Las\u00f3w Pa\u0144stwowych jedziemy do gospodarstwa agroturystycznego po\u0142o\u017conego na p\u0142n. skraju Polanki Horynieckiej (pojawi\u0105 si\u0119 tu znaki <em>czerwonego<\/em> szlaku rowerowego Nad Brusienk\u0105). Po kr\u00f3tkim odcinku piaszczystym czas ponownie na drog\u0119 asfaltow\u0105. Po lewej boczna \u015bcie\u017cka (nieopodal tablicy informacyjnej) prowadzi na d\u00f3\u0142, do cmentarza nale\u017c\u0105cego niegdy\u015b do wsi Stare Brusno.<\/p>\n\n\n\n<p>Przeje\u017cd\u017camy przez zabudowania wsi<strong> Polanka Horyniecka<\/strong> trafiaj\u0105c do <strong>Nowego Brusna<\/strong>. Miniemy jedn\u0105 z naj\u0142adniejszych na Roztoczu drewnianych cerkwi grekokatolickich (trwa jeszcze remont, ale ju\u017c teraz jej bry\u0142a prezentuje si\u0119 wspaniale). We wsi znajduje si\u0119 pomnik zwie\u0144czony figur\u0105 or\u0142a, wzniesiony w 1928 r. w 10 rocznic\u0119 odzyskania niepodleg\u0142o\u015bci. Po wojnie pozbawiony or\u0142a, przywr\u00f3cono go w 2016 r.<\/p>\n\n\n\n<p>145 km \u2013 w lewo odbiega boczna szosa do Hory\u0144ca. W\u0142a\u015bnie ni\u0105 wiedzie nasz szlak.<br>\nPo 4 km, w <strong>\u015awidnicy<\/strong>, skr\u0119t w szutrow\u0105 drog\u0119 Las\u00f3w Pa\u0144stwowych w lewo (jad\u0105c prosto mo\u017cna skr\u00f3ci\u0107 szlak osi\u0105gaj\u0105c Horyniec ju\u017c po 3 km).<\/p>\n\n\n\n<p>148 km \u2013 prostopad\u0142a le\u015bna szosa. Tu w prawo. Po 300 m w lewo odbiega droga do Nowin Horynieckich (na przeciwleg\u0142ym kra\u0144cu wsi maryjna drewniana kaplica postawiona nad \u017ar\u00f3de\u0142kami). Jeszcze 4 km i osi\u0105gamy centrum <strong>Hory\u0144ca<\/strong> oraz drog\u0119 wojew\u00f3dzk\u0105 nr 867 Lubacz\u00f3w \u2013 Werchrata. W pobli\u017cu znajduje si\u0119 stacja PKP Horyniec Zdr\u00f3j. St\u0105d udajemy si\u0119, nieopodal ko\u015bcio\u0142a, na p\u0142d. Na rozwidleniu szos w lewo, za drogowskazem wskazuj\u0105cym kierunek do Radru\u017ca (droga w prawo wiedzie nad zalew, st\u0105d niespe\u0142na 1 km). Tak prowadzi te\u017c <em>niebieski<\/em> szlak rowerowy gminy Lubacz\u00f3w.<\/p>\n\n\n\n<p>156 km \u2013 prostopad\u0142a droga w <strong>Radru\u017cu<\/strong>. W lewo do kolejnej przepi\u0119knej drewnianej cerkwi grekokatolickiej (obiekt z listy UNESCO, na zdj\u0119ciu), szlak Polski Wschodniej skr\u0119ca tu w prawo. Znajdujemy si\u0119 w bezpo\u015brednim s\u0105siedztwie granicy z Ukrain\u0105 i tak b\u0119dzie ju\u017c do ko\u0144ca opisywanego odcinka.<\/p>\n\n\n<div class=\"wp-block-image\">\n<figure class=\"aligncenter\"><img loading=\"lazy\" decoding=\"async\" width=\"750\" height=\"500\" src=\"http:\/\/roztocze24.info\/wp-content\/uploads\/2019\/03\/IMG_0292.jpg\" alt=\"\" class=\"wp-image-5870\" srcset=\"https:\/\/roztocze24.info\/wp-content\/uploads\/2019\/03\/IMG_0292.jpg 750w, https:\/\/roztocze24.info\/wp-content\/uploads\/2019\/03\/IMG_0292-300x200.jpg 300w\" sizes=\"auto, (max-width: 750px) 85vw, 750px\" \/><\/figure>\n<\/div>\n\n\n<p><\/p>\n\n\n\n<p>Szos\u0119 zast\u0105pi z czasem droga szutrowa, ale na kr\u00f3tkim odcinku, za mostem na Baszence b\u0119dziemy ponownie korzystali z nawierzchni asfaltowej.<\/p>\n\n\n\n<p>161 km \u2013 prostopad\u0142a szosa, tu w lewo, w kierunku <strong>Huty Kryszta\u0142owej<\/strong>. Przeje\u017cd\u017camy mostek nad Baszenk\u0105 i wje\u017cd\u017camy do wsi. Po lewej mijamy pi\u0119kn\u0105 alej\u0119 d\u0119bow\u0105 \u2013 obowi\u0105zkowa wycieczka boczna.<\/p>\n\n\n\n<p>166 km \u2013 skr\u0119t w lewo. Nieopodal czerwonej figury (w istocie jest to drewniany krzy\u017c) skrzy\u017cowanie dr\u00f3g. W prawo do Lubaczowa. W lewo do d\u0119b\u00f3w Sobieskiego. Szlak wiedzie jednak prosto. Niegdy\u015b szutrowa, a obecnie asfaltowa droga (na zdj\u0119ciu), wiedzie nas do <strong>Budomierza<\/strong>. Jeszcze przed wsi\u0105 pe\u0142en uroku most na Lubacz\u00f3wce.<\/p>\n\n\n<div class=\"wp-block-image\">\n<figure class=\"aligncenter\"><img loading=\"lazy\" decoding=\"async\" width=\"750\" height=\"500\" src=\"http:\/\/roztocze24.info\/wp-content\/uploads\/2019\/03\/IMG_0581.jpg\" alt=\"\" class=\"wp-image-5871\" srcset=\"https:\/\/roztocze24.info\/wp-content\/uploads\/2019\/03\/IMG_0581.jpg 750w, https:\/\/roztocze24.info\/wp-content\/uploads\/2019\/03\/IMG_0581-300x200.jpg 300w\" sizes=\"auto, (max-width: 750px) 85vw, 750px\" \/><\/figure>\n<\/div>\n\n\n<p><\/p>\n\n\n\n<p>W Budomierzu skr\u0119t w prawo (ca\u0142\u0105 infrastruktur\u0119 przej\u015bcia granicznego z Ukrain\u0105 pozostawiamy z boku).<\/p>\n\n\n\n<p>175 km \u2013 skr\u0119t w lewo, w kierunku Krowicy Samej. Niemal 1,5 km dalej skr\u0119t w lewo. Za now\u0105 asfaltow\u0105 drog\u0105 Las\u00f3w Pa\u0144stwowych, obok sympatycznego jeziorka, pojedziemy najpierw na p\u0142d.-wsch., potem p\u0142d.-zach., a nast\u0119pnie na p\u0142n.<\/p>\n\n\n\n<p>184 km \u2013 skrzy\u017cowanie le\u015bnych dr\u00f3g, tu w lewo. 300 m dalej, po prawej murowana kaplica, a chwil\u0119 wcze\u015bniej, po lewej, ma\u0142y trawiasty parking. W lesie, w g\u0142\u0105b za parkingiem wypatrze\u0107 mo\u017cna osobliwo\u015b\u0107 przyrodnicz\u0105 \u2013 sosn\u0119 o 5 pniach. U jej st\u00f3p drewniana kapliczka. Niestety, sosna jest dzi\u015b martwa, to konsekwencja fatalnego po\u017caru sprzed lat.<\/p>\n\n\n<div class=\"wp-block-image\">\n<figure class=\"aligncenter\"><img loading=\"lazy\" decoding=\"async\" width=\"333\" height=\"500\" src=\"http:\/\/roztocze24.info\/wp-content\/uploads\/2019\/03\/IMG_0575.jpg\" alt=\"\" class=\"wp-image-5872\" srcset=\"https:\/\/roztocze24.info\/wp-content\/uploads\/2019\/03\/IMG_0575.jpg 333w, https:\/\/roztocze24.info\/wp-content\/uploads\/2019\/03\/IMG_0575-200x300.jpg 200w\" sizes=\"auto, (max-width: 333px) 85vw, 333px\" \/><\/figure>\n<\/div>\n\n\n<p><\/p>\n\n\n\n<p>Na skraju <strong>W\u00f3lki \u017bmijowiska<\/strong> (we wsi drewniana cerkiew grekokatolicka) zacznie si\u0119 asfalt. Dalej <strong>\u017bmijowiska<\/strong> (kolejna drewniana cerkiew). Po drodze w momencie pokonywania trasy ko\u0144czy\u0142o si\u0119 znakowanie. Dalszy fragment pokonali\u015bmy zgodnie z projektem.<\/p>\n\n\n\n<p>Wje\u017cd\u017camy do <strong>Wielkich Oczu.<\/strong> 191 km \u2013 rozwidlenie dr\u00f3g. Szlak ma tu skr\u0119ca\u0107 w prawo (obok urz\u0119du gminy), aby \u0142ukiem dotrze\u0107 do murowanej, niedawno wyremontowanej synagogi. Nale\u017cy doda\u0107, \u017ce w Wielkich Oczach znajduje si\u0119 jeszcze cerkiew grekokatolicka (zbudowana z tzw. pruskiego muru) i oczywi\u015bcie ko\u015bci\u00f3\u0142 rzymskokatolicki.<\/p>\n\n\n<div class=\"wp-block-image\">\n<figure class=\"aligncenter\"><img loading=\"lazy\" decoding=\"async\" width=\"750\" height=\"500\" src=\"http:\/\/roztocze24.info\/wp-content\/uploads\/2019\/03\/IMG_0564-Wielkie-Oczy.jpg\" alt=\"\" class=\"wp-image-5873\" srcset=\"https:\/\/roztocze24.info\/wp-content\/uploads\/2019\/03\/IMG_0564-Wielkie-Oczy.jpg 750w, https:\/\/roztocze24.info\/wp-content\/uploads\/2019\/03\/IMG_0564-Wielkie-Oczy-300x200.jpg 300w\" sizes=\"auto, (max-width: 750px) 85vw, 750px\" \/><\/figure>\n<\/div>\n\n\n<p><\/p>\n\n\n\n<p>Jedziemy szos\u0105 na zach. (prowadzi ona w kierunku przej\u015bcia granicznego z Ukrain\u0105 w Korczowej).<\/p>\n\n\n\n<p>196,5 km \u2013 udajemy si\u0119 boczn\u0105 szos\u0105 w lewo, na p\u0142d. Przed nami <strong>Kobylnica Wo\u0142oska<\/strong> z murowan\u0105 cerkwi\u0105 grekokatolick\u0105 pw. \u015bw. Dymitra z 1923 r. Miejscowa szko\u0142a mo\u017ce pochwali\u0107 si\u0119 niezwyk\u0142ymi odwiedzinami. Go\u015bci\u0142 w niej kr\u00f3l Jan Sobieski, zmierzaj\u0105c z Jaworowa do Wysocka, a p\u00f3\u017aniej cesarz Franciszek J\u00f3zef I, podczas manewr\u00f3w wojskowych.<\/p>\n\n\n\n<p>198,5 km &#8211; skr\u0119t w lewo. Szosa wiedzie teraz na wsch., ale po chwili wykr\u0119ci na p\u0142d.<\/p>\n\n\n\n<p>202 km \u2013 docieramy do mostu na rzece Szk\u0142o (po jego prawej stronie ciekawostka \u2013 trzyelementowy wodowskaz). Jeste\u015bmy na skraju wsi <strong>Budzy\u0144<\/strong>.<\/p>\n\n\n\n<p><a href=\"https:\/\/roztocze24.info\/?page_id=2195\">Jad\u0119 dalej tras\u0105 boczn\u0105 Zwierzyniec &#8211; Ulan\u00f3w &#8211; Sandomierz<\/a><\/p>\n\n\n\n<p><em>Jesie\u0144 2015 i wiosna 2016<\/em><\/p>\n","protected":false},"excerpt":{"rendered":"<p>Odcinek: Krasnystaw \u2013 Zwierzyniec \u2013 Susiec \u2013 Horyniec \u2013 Budzy\u0144, znaki pomara\u0144czowe, 202 km Has\u0142o Green Velo to nawi\u0105zanie do europejskiej sieci szlak\u00f3w rowerowych Euro Velo. Trasa Polski Wschodniej liczy sobie w ca\u0142o\u015bci a\u017c 2070 km, z czego na szlak g\u0142\u00f3wny przypada 1885 km, a reszta to trasy boczne. Spora cz\u0119\u015b\u0107 jazdy wypadnie w pobli\u017cu &hellip; <a href=\"https:\/\/roztocze24.info\/?page_id=2126\" class=\"more-link\">Czytaj dalej<span class=\"screen-reader-text\"> \u201eWschodni Szlak Rowerowy Green Velo I\u201d<\/span><\/a><\/p>\n","protected":false},"author":1,"featured_media":0,"parent":5846,"menu_order":0,"comment_status":"closed","ping_status":"closed","template":"","meta":{"footnotes":""},"class_list":["post-2126","page","type-page","status-publish","hentry"],"_links":{"self":[{"href":"https:\/\/roztocze24.info\/index.php?rest_route=\/wp\/v2\/pages\/2126","targetHints":{"allow":["GET"]}}],"collection":[{"href":"https:\/\/roztocze24.info\/index.php?rest_route=\/wp\/v2\/pages"}],"about":[{"href":"https:\/\/roztocze24.info\/index.php?rest_route=\/wp\/v2\/types\/page"}],"author":[{"embeddable":true,"href":"https:\/\/roztocze24.info\/index.php?rest_route=\/wp\/v2\/users\/1"}],"replies":[{"embeddable":true,"href":"https:\/\/roztocze24.info\/index.php?rest_route=%2Fwp%2Fv2%2Fcomments&post=2126"}],"version-history":[{"count":6,"href":"https:\/\/roztocze24.info\/index.php?rest_route=\/wp\/v2\/pages\/2126\/revisions"}],"predecessor-version":[{"id":9395,"href":"https:\/\/roztocze24.info\/index.php?rest_route=\/wp\/v2\/pages\/2126\/revisions\/9395"}],"up":[{"embeddable":true,"href":"https:\/\/roztocze24.info\/index.php?rest_route=\/wp\/v2\/pages\/5846"}],"wp:attachment":[{"href":"https:\/\/roztocze24.info\/index.php?rest_route=%2Fwp%2Fv2%2Fmedia&parent=2126"}],"curies":[{"name":"wp","href":"https:\/\/api.w.org\/{rel}","templated":true}]}}