{"id":6662,"date":"2019-04-02T23:01:49","date_gmt":"2019-04-02T21:01:49","guid":{"rendered":"http:\/\/roztocze24.info\/?page_id=6662"},"modified":"2025-08-30T19:52:20","modified_gmt":"2025-08-30T17:52:20","slug":"odcinek-zamosc-zawada","status":"publish","type":"page","link":"https:\/\/roztocze24.info\/?page_id=6662","title":{"rendered":"Odcinek Zamo\u015b\u0107 &#8211; Zawada"},"content":{"rendered":"\n<p><strong>12 km<\/strong><\/p>\n\n\n\n<p>Odcinek dost\u0119pny ca\u0142orocznie.<\/p>\n\n\n\n<p>Ta trasa to fragment budowanego przez Austriak\u00f3w szlaku Zawada &#8211; Zamo\u015b\u0107 &#8211; Hrubiesz\u00f3w &#8211; W\u0142odzimierz Wo\u0142y\u0144ski. Jest on wykorzystywany nadal po ca\u0142o\u015bci, ale tylko w ruchu towarowym i po torze szerokim. W ruchu pasa\u017cerskim z odcinka Zamo\u015b\u0107 Wsch\u00f3d &#8211; Zawada korzystaj\u0105 kursuj\u0105ce codziennie szynobusy Przewoz\u00f3w Regionalnych do Lublina, natomiast odcinek Zamo\u015b\u0107 &#8211;  Hrubiesz\u00f3w przemierza \u0142\u0105cznik do poci\u0105gu PKP Intercity Hetman do Wroc\u0142awia i Jeleniej G\u00f3ry.<\/p>\n\n\n\n<p>Niepoj\u0119tym ju\u017c dzi\u015b zrz\u0105dzeniem losu linia kolejowa prowadz\u0105ca z Warszawy do Lwowa omin\u0119\u0142a Zamo\u015b\u0107 (tak po prawdzie, to by\u0142a ona budowana nie tyle dla pasa\u017cer\u00f3w, co dla cel\u00f3w wojskowych). Nasz\u0105 wypraw\u0119 proponujemy jednak rozpocz\u0105\u0107 w\u0142a\u015bnie z Zamo\u015bcia. Do wyboru mamy obecnie a\u017c trzy stacje. Dwie z nich to nowe przystanki oddane do u\u017cytku w czerwcu 2015 r., to Zamo\u015b\u0107 Wsch\u00f3d i Zamo\u015b\u0107 Star\u00f3wka. <\/p>\n\n\n\n<p>o km &#8211;<strong> Zamo\u015b\u0107 Wsch\u00f3d<\/strong>. Przystanek po\u0142o\u017cony jest tu\u017c co przy wsch. skraju obwodnicy Zamo\u015bcia. W 2023 r. staraniem PKP PLK  postanowiono wyd\u0142u\u017cy\u0107 peron, aby mog\u0142y zatrzymywa\u0107 si\u0119 tu d\u0142u\u017csze sk\u0142ady dalekobie\u017cne. Prace zostan\u0105 zako\u0144czone pod koniec grudnia 2023 r.  <\/p>\n\n\n<div class=\"wp-block-image\">\n<figure class=\"aligncenter\"><img loading=\"lazy\" decoding=\"async\" width=\"750\" height=\"500\" src=\"https:\/\/roztocze24.info\/wp-content\/uploads\/2019\/04\/Z_01.jpg\" alt=\"\" class=\"wp-image-6663\" srcset=\"https:\/\/roztocze24.info\/wp-content\/uploads\/2019\/04\/Z_01.jpg 750w, https:\/\/roztocze24.info\/wp-content\/uploads\/2019\/04\/Z_01-300x200.jpg 300w\" sizes=\"auto, (max-width: 750px) 85vw, 750px\" \/><figcaption class=\"wp-element-caption\">Przystanek Zamo\u015b\u0107 Wsch\u00f3d<\/figcaption><\/figure>\n<\/div>\n\n\n<p>1 km &#8211; <strong>Zamo\u015b\u0107 Star\u00f3wka<\/strong>. \u0141adnie stylizowany przystanek, aby jak najlepiej odpowiada\u0107 godnej nazwie Star\u00f3wka. Oczywi\u015bcie przed podr\u00f3\u017c\u0105 koniecznie trzeba j\u0105 zwiedzi\u0107, cho\u0107 z poci\u0105gu te\u017c zobaczymy jej \u0142adn\u0105 panoram\u0119.<\/p>\n\n\n\n<p> W 2023 r. staraniem PKP PLK  postanowiono wyd\u0142u\u017cy\u0107 peron, aby mog\u0142y zatrzymywa\u0107 si\u0119 tu d\u0142u\u017csze sk\u0142ady dalekobie\u017cne. Prace zostan\u0105 zako\u0144czone pod koniec grudnia 2023 r. <\/p>\n\n\n<div class=\"wp-block-image\">\n<figure class=\"aligncenter\"><img loading=\"lazy\" decoding=\"async\" width=\"750\" height=\"500\" src=\"https:\/\/roztocze24.info\/wp-content\/uploads\/2019\/04\/Z_02.jpg\" alt=\"\" class=\"wp-image-6664\" srcset=\"https:\/\/roztocze24.info\/wp-content\/uploads\/2019\/04\/Z_02.jpg 750w, https:\/\/roztocze24.info\/wp-content\/uploads\/2019\/04\/Z_02-300x200.jpg 300w\" sizes=\"auto, (max-width: 750px) 85vw, 750px\" \/><figcaption class=\"wp-element-caption\">Przystanek Zamo\u015b\u0107 Star\u00f3wka<\/figcaption><\/figure>\n<\/div>\n\n\n<p>W r\u00f3g peronu wmurowano trzy tablice w j\u0119zykach polskim, hebrajskim i angielskim informuj\u0105ce, \u017ce z tego miejsca w kwietniu 1942 r. wywo\u017cono kolej\u0105 z Zamo\u015bcia \u017byd\u00f3w. W sumie ok. 2,5 tys. os\u00f3b. Transporty prowadzi\u0142y do oboz\u00f3w koncentracyjnych, g\u0142\u00f3wnie do Be\u0142\u017cca.<\/p>\n\n\n<div class=\"wp-block-image\">\n<figure class=\"aligncenter\"><img loading=\"lazy\" decoding=\"async\" width=\"750\" height=\"500\" src=\"https:\/\/roztocze24.info\/wp-content\/uploads\/2019\/07\/IMG_3293-500.jpg\" alt=\"\" class=\"wp-image-7280\" srcset=\"https:\/\/roztocze24.info\/wp-content\/uploads\/2019\/07\/IMG_3293-500.jpg 750w, https:\/\/roztocze24.info\/wp-content\/uploads\/2019\/07\/IMG_3293-500-300x200.jpg 300w\" sizes=\"auto, (max-width: 750px) 85vw, 750px\" \/><figcaption class=\"wp-element-caption\">Tablica na przystanku Zamo\u015b\u0107 Star\u00f3wka<\/figcaption><\/figure>\n<\/div>\n\n<div class=\"wp-block-image\">\n<figure class=\"aligncenter\"><img loading=\"lazy\" decoding=\"async\" width=\"750\" height=\"500\" src=\"https:\/\/roztocze24.info\/wp-content\/uploads\/2019\/04\/Z_03.jpg\" alt=\"\" class=\"wp-image-6665\" srcset=\"https:\/\/roztocze24.info\/wp-content\/uploads\/2019\/04\/Z_03.jpg 750w, https:\/\/roztocze24.info\/wp-content\/uploads\/2019\/04\/Z_03-300x200.jpg 300w\" sizes=\"auto, (max-width: 750px) 85vw, 750px\" \/><figcaption class=\"wp-element-caption\">Zamojska star\u00f3wka widziana od strony linii kolejowej<\/figcaption><\/figure>\n<\/div>\n\n\n<p>3 km &#8211; <strong>Zamo\u015b\u0107<\/strong>, dworzec g\u0142\u00f3wny. Wewn\u0105trz od 2020 r. dzia\u0142a restauracja Peron, specjalizuj\u0105ca si\u0119 w kuchni polskiej. W bezpo\u015brednim s\u0105siedztwie stacji znajduje si\u0119 zamojskie ZOO, tu tak\u017ce zaczyna si\u0119 <em>zielony <\/em>pieszy szlak turystyczny im. W. Podobi\u0144skiej, kt\u00f3ry prowadzi do Krasnobrodu i Su\u015bca przez najwy\u017csze wzniesienie Roztocza \u015arodkowego &#8211; Wapielni\u0119.<\/p>\n\n\n<div class=\"wp-block-image\">\n<figure class=\"aligncenter\"><img loading=\"lazy\" decoding=\"async\" width=\"750\" height=\"500\" src=\"https:\/\/roztocze24.info\/wp-content\/uploads\/2019\/04\/Z_04.jpg\" alt=\"\" class=\"wp-image-6666\" srcset=\"https:\/\/roztocze24.info\/wp-content\/uploads\/2019\/04\/Z_04.jpg 750w, https:\/\/roztocze24.info\/wp-content\/uploads\/2019\/04\/Z_04-300x200.jpg 300w\" sizes=\"auto, (max-width: 750px) 85vw, 750px\" \/><figcaption class=\"wp-element-caption\">Stacja Zamo\u015b\u0107, zdj\u0119cie z 2000 r.<\/figcaption><\/figure>\n<\/div>\n\n\n<p>6 km &#8211; <strong>Mokre<\/strong>. Nowy przystanek oddany do u\u017cytku w grudniu 2016 r. Nieopodal stacja benzynowa na kt\u00f3rej parkingu zaczyna si\u0119 <em>czerwony<\/em> szlak rowerowy Gminy Zamo\u015b\u0107.<\/p>\n\n\n<div class=\"wp-block-image\">\n<figure class=\"aligncenter\"><img loading=\"lazy\" decoding=\"async\" width=\"750\" height=\"500\" src=\"https:\/\/roztocze24.info\/wp-content\/uploads\/2019\/04\/Z_05.jpg\" alt=\"\" class=\"wp-image-6667\" srcset=\"https:\/\/roztocze24.info\/wp-content\/uploads\/2019\/04\/Z_05.jpg 750w, https:\/\/roztocze24.info\/wp-content\/uploads\/2019\/04\/Z_05-300x200.jpg 300w\" sizes=\"auto, (max-width: 750px) 85vw, 750px\" \/><figcaption class=\"wp-element-caption\">Przystanek Mokre<\/figcaption><\/figure>\n<\/div>\n\n\n<p>2 km dalej znajdowa\u0142a si\u0119 niegdy\u015b stacja <strong>P\u0142oskie. <\/strong>Ciekawa jest jej historia. Po raz pierwszy pojawi\u0142a si\u0119 w rozk\u0142adzie jazdy obowi\u0105zuj\u0105cym pomi\u0119dzy 8 X 1950 r. a 15 V 1951 r. jako P\u0142oskie Zamojskie.&nbsp; Po raz ostatni notowana by\u0142a w rozk\u0142adzie obowi\u0105zuj\u0105cym pomi\u0119dzy 1 VI 1986 r. a 30 V 1987 r. \u2013 i to z du\u017c\u0105 ilo\u015bci\u0105 obs\u0142ugiwanych poci\u0105g\u00f3w, tak\u017ce pospiesznych. W ci\u0105gu nieco ponad 25 lat obs\u0142ugiwa\u0142a pasa\u017cer\u00f3w, aby znikn\u0105\u0107 z dnia na dzie\u0144. 30 V 1987 r. zatrzymywa\u0142y si\u0119 tu jeszcze poci\u0105gi, a 31 maja ju\u017c nie.<\/p>\n\n\n<div class=\"wp-block-image\">\n<figure class=\"aligncenter\"><img loading=\"lazy\" decoding=\"async\" width=\"750\" height=\"500\" src=\"https:\/\/roztocze24.info\/wp-content\/uploads\/2019\/04\/Z_06.jpg\" alt=\"\" class=\"wp-image-6668\" srcset=\"https:\/\/roztocze24.info\/wp-content\/uploads\/2019\/04\/Z_06.jpg 750w, https:\/\/roztocze24.info\/wp-content\/uploads\/2019\/04\/Z_06-300x200.jpg 300w\" sizes=\"auto, (max-width: 750px) 85vw, 750px\" \/><figcaption class=\"wp-element-caption\">Tu niegdy\u015b znajdowa\u0142 si\u0119 przystanek P\u0142oskie<\/figcaption><\/figure>\n<\/div>\n\n\n<p>12 km &#8211; <strong>Zawada<\/strong>, stacja w\u0119z\u0142owa. Nast\u0119puje po\u0142\u0105czenie naszego szlaku z lini\u0105  kolejow\u0105 Rejowiec &#8211; Be\u0142\u017cec.  Zobaczymy tak\u017ce szeroki tor LHS-u. <\/p>\n\n\n<div class=\"wp-block-image\">\n<figure class=\"aligncenter\"><img loading=\"lazy\" decoding=\"async\" width=\"750\" height=\"500\" src=\"https:\/\/roztocze24.info\/wp-content\/uploads\/2019\/03\/DSCN0362.jpg\" alt=\"\" class=\"wp-image-5165\" srcset=\"https:\/\/roztocze24.info\/wp-content\/uploads\/2019\/03\/DSCN0362.jpg 750w, https:\/\/roztocze24.info\/wp-content\/uploads\/2019\/03\/DSCN0362-300x200.jpg 300w\" sizes=\"auto, (max-width: 750px) 85vw, 750px\" \/><figcaption class=\"wp-element-caption\"> Budynek stacji Zawada w 2008 r. Dzi\u015b ju\u017c nie istnieje. <\/figcaption><\/figure>\n<\/div>\n\n\n<ul class=\"wp-block-list\">\n<li><strong>Trasa g\u0142\u00f3wna:<\/strong><\/li>\n\n\n\n<li><a href=\"https:\/\/roztocze24.info\/?page_id=6596\">Odcinek Rejowiec \u2013 Zawada, 54 km<\/a><\/li>\n\n\n\n<li><a href=\"https:\/\/roztocze24.info\/?page_id=6700\">Odcinek Zawada \u2013 Zwierzyniec, 22 km<\/a><\/li>\n\n\n\n<li><a href=\"https:\/\/roztocze24.info\/?page_id=6720\">Odcinek Zwierzyniec \u2013 Susiec, 31 km<\/a><\/li>\n\n\n\n<li><a href=\"https:\/\/roztocze24.info\/?page_id=6746\">Odcinek Susiec \u2013 Hrebenne, 30 km<\/a><\/li>\n\n\n\n<li><a href=\"https:\/\/roztocze24.info\/?page_id=6789\">Odcinek Hrebenne \u2013 Horyniec, 26 km<\/a><\/li>\n\n\n\n<li><a href=\"https:\/\/roztocze24.info\/?page_id=6837\">Odcinek Horyniec \u2013 Munina, 56 km<\/a><\/li>\n\n\n\n<li><strong>Trasy poboczne:<\/strong><\/li>\n\n\n\n<li><a href=\"https:\/\/roztocze24.info\/?page_id=6662\">Odcinek Zamo\u015b\u0107 \u2013 Zawada, 12 km<\/a><\/li>\n\n\n\n<li><a href=\"https:\/\/roztocze24.info\/?page_id=6914\">Odcinek Zwierzyniec &#8211; Tereszpol, 13 km<\/a> <\/li>\n\n\n\n<li><a href=\"https:\/\/roztocze24.info\/?page_id=922\">Odcinek Hrebenne \u2013 Lw\u00f3w, 76 km<\/a><\/li>\n\n\n\n<li><a href=\"https:\/\/roztocze24.info\/?page_id=2158\">Odcinek Hrebenne \u2013 Podd\u0119bce, 11 km<\/a><\/li>\n<\/ul>\n","protected":false},"excerpt":{"rendered":"<p>12 km Odcinek dost\u0119pny ca\u0142orocznie. Ta trasa to fragment budowanego przez Austriak\u00f3w szlaku Zawada &#8211; Zamo\u015b\u0107 &#8211; Hrubiesz\u00f3w &#8211; W\u0142odzimierz Wo\u0142y\u0144ski. Jest on wykorzystywany nadal po ca\u0142o\u015bci, ale tylko w ruchu towarowym i po torze szerokim. W ruchu pasa\u017cerskim z odcinka Zamo\u015b\u0107 Wsch\u00f3d &#8211; Zawada korzystaj\u0105 kursuj\u0105ce codziennie szynobusy Przewoz\u00f3w Regionalnych do Lublina, natomiast odcinek &hellip; <a href=\"https:\/\/roztocze24.info\/?page_id=6662\" class=\"more-link\">Czytaj dalej<span class=\"screen-reader-text\"> \u201eOdcinek Zamo\u015b\u0107 &#8211; Zawada\u201d<\/span><\/a><\/p>\n","protected":false},"author":1,"featured_media":0,"parent":808,"menu_order":0,"comment_status":"closed","ping_status":"closed","template":"","meta":{"footnotes":""},"class_list":["post-6662","page","type-page","status-publish","hentry"],"_links":{"self":[{"href":"https:\/\/roztocze24.info\/index.php?rest_route=\/wp\/v2\/pages\/6662","targetHints":{"allow":["GET"]}}],"collection":[{"href":"https:\/\/roztocze24.info\/index.php?rest_route=\/wp\/v2\/pages"}],"about":[{"href":"https:\/\/roztocze24.info\/index.php?rest_route=\/wp\/v2\/types\/page"}],"author":[{"embeddable":true,"href":"https:\/\/roztocze24.info\/index.php?rest_route=\/wp\/v2\/users\/1"}],"replies":[{"embeddable":true,"href":"https:\/\/roztocze24.info\/index.php?rest_route=%2Fwp%2Fv2%2Fcomments&post=6662"}],"version-history":[{"count":18,"href":"https:\/\/roztocze24.info\/index.php?rest_route=\/wp\/v2\/pages\/6662\/revisions"}],"predecessor-version":[{"id":9356,"href":"https:\/\/roztocze24.info\/index.php?rest_route=\/wp\/v2\/pages\/6662\/revisions\/9356"}],"up":[{"embeddable":true,"href":"https:\/\/roztocze24.info\/index.php?rest_route=\/wp\/v2\/pages\/808"}],"wp:attachment":[{"href":"https:\/\/roztocze24.info\/index.php?rest_route=%2Fwp%2Fv2%2Fmedia&parent=6662"}],"curies":[{"name":"wp","href":"https:\/\/api.w.org\/{rel}","templated":true}]}}