{"id":939,"date":"2016-02-20T19:20:40","date_gmt":"2016-02-20T19:20:40","guid":{"rendered":"http:\/\/roztocze24.info\/turysta-2\/zachodnie\/roztocze_jastrzebia_zdebrz\/"},"modified":"2019-03-25T21:56:39","modified_gmt":"2019-03-25T20:56:39","slug":"roztocze_jastrzebia_zdebrz","status":"publish","type":"page","link":"https:\/\/roztocze24.info\/?page_id=939","title":{"rendered":"Szlak rowerowy Jastrz\u0119bia Zdebrz na Roztoczu Zachodnim"},"content":{"rendered":"<p>S\u0142owo <strong>jastrz\u0119bia<\/strong> nawi\u0105zuje do wysokiego poziomu trudno\u015bci szlaku (liczne zjazdy i podjazdy). W zasadzie to mia\u0142 by\u0107 orli szlak, ale poniewa\u017c or\u0142\u00f3w tu <em>w przyrodzie<\/em> brak, zdecydowano si\u0119 na jastrz\u0119bie. Natomiast <strong>zdebrz<\/strong> to odniesienie do licznych tu w\u0105woz\u00f3w.<\/p>\n<p><strong>Przebieg szlaku: Bi\u0142goraj \u2013 K\u0105ty \u2013 Radzi\u0119cin \u2013 Abram\u00f3w \u2013 Wielka i Ma\u0142a Jez\u00f3wka \u2013 okolice Kondrat\u00f3w \u2013 Gr\u00f3dki \u2013 Za\u0142awcze \u2013 Turobin \u2013 Gil\u00f3w \u2013 Hosznia Ordynacka \u2013 J\u0119drzej\u00f3wka G\u00f3ra \u2013 Komodzianka \u2013 Teodor\u00f3wka \u2013 G\u0142upia Wie\u015b \u2013 Smory\u0144 \u2013 Trz\u0119siny.<\/strong><\/p>\n<p><strong>D\u0142ugo\u015b\u0107 szlaku podstawowego: ok 70 km (z Trz\u0119sin powr\u00f3t do Bi\u0142goraja szlakami rowerowymi \u017c\u00f3\u0142tym lub czerwonym, dodatkowe 16 km), znaki <em>niebieskie.<\/em><\/strong><\/p>\n<p>Korzystaj\u0105c z lokalnych szos mo\u017cna skraca\u0107 tras\u0119 i tworzy\u0107 mniejsze p\u0119tle.<br \/>\nPoni\u017cej relacja z przejazdu szlakiem podstawowym.<\/p>\n<h4>1. Bi\u0142goraj \u2013 Wielka i Ma\u0142a Je\u017c\u00f3wka \u2013 okolice Kondrat\u00f3w (Gilowski Las)<\/h4>\n<p>\u015alad GPS trasy przedstawia si\u0119 nast\u0119puj\u0105co:<\/p>\n<p class=\"center\"><img loading=\"lazy\" decoding=\"async\" class=\"aligncenter size-full wp-image-4949\" src=\"http:\/\/roztocze24.info\/wp-content\/uploads\/2019\/03\/IMG_5359.jpg\" alt=\"\" width=\"500\" height=\"290\" srcset=\"https:\/\/roztocze24.info\/wp-content\/uploads\/2019\/03\/IMG_5359.jpg 500w, https:\/\/roztocze24.info\/wp-content\/uploads\/2019\/03\/IMG_5359-300x174.jpg 300w\" sizes=\"auto, (max-width: 500px) 85vw, 500px\" \/><\/p>\n<p>By\u0142 to oficjalny rajd zorganizowany przez <strong>Stowarzyszenie Przyjaci\u00f3\u0142 Roztocza Jastrz\u0119bia Zdebrz<\/strong>. Ka\u017cdy uczestnik dosta\u0142 specjalny folder z mapk\u0105 i opisem szlaku, a tak\u017ce pami\u0105tkow\u0105 koszulk\u0119 rajdow\u0105. Ponadto, opr\u00f3cz posi\u0142ku na ko\u0144cu rajdu, przygotowano tak\u017ce pocz\u0119stunek w po\u0142owie trasy. Brawo!<\/p>\n<p class=\"center\"><img loading=\"lazy\" decoding=\"async\" class=\"aligncenter size-full wp-image-4951\" src=\"http:\/\/roztocze24.info\/wp-content\/uploads\/2019\/03\/IMG_5361.jpg\" alt=\"\" width=\"750\" height=\"500\" srcset=\"https:\/\/roztocze24.info\/wp-content\/uploads\/2019\/03\/IMG_5361.jpg 750w, https:\/\/roztocze24.info\/wp-content\/uploads\/2019\/03\/IMG_5361-300x200.jpg 300w\" sizes=\"auto, (max-width: 750px) 85vw, 750px\" \/><\/p>\n<p>Na rynku w Bi\u0142goraju by\u0142o t\u0142oczno, bi\u0142gorajscy rowerzy\u015bci nie przestraszyli si\u0119 ch\u0142odnej (w porywach tylko +10 stopni) i pochmurnej aury! Na zdj\u0119ciu zmie\u015bci\u0142a si\u0119 tylko niewielka grupa uczestnik\u00f3w rajdu, w rzeczywisto\u015bci rowerzy\u015bci zaj\u0119li niemal ca\u0142y bi\u0142gorajski rynek!<\/p>\n<p>Niebawem uczestnicy rozjechali si\u0119 na wybrane przez siebie trasy rajdowe. Ja zdecydowa\u0142em si\u0119 na tras\u0119 nr II. Przyczyny by\u0142y dwie:<\/p>\n<p>Po pierwsze prowadzi\u0142a ona najd\u0142u\u017cej szlakiem Jastrz\u0119bia Zdebrz.<\/p>\n<p>Po drugie, trasa wiod\u0142a przez nale\u017c\u0105ce do Korony Wzg\u00f3rz Roztocza wzniesienie Wielka Je\u017c\u00f3wka (wi\u0119cej informacji na temat Korony w dziale Roztocza\u0144skie tematy), kt\u00f3re od teraz b\u0119dzie dost\u0119pne ze znakowanego szlaku turystycznego!<\/p>\n<p>Wyruszamy w drog\u0119. Najpierw zalew w Bi\u0142goraju (jedziemy przez chwil\u0119 koron\u0105 wa\u0142\u00f3w), potem spotkanie z Puszcz\u0105 Solsk\u0105. Przyjemnie jedzie si\u0119 w\u015br\u00f3d g\u0142\u00f3wnie sosnowego lasu. Droga wygodna, z wyj\u0105tkiem kr\u00f3tkiego fragmentu piaszczystego. Ma on jednak sw\u00f3j urok, przecinamy bowiem malownicze pasmo wydm.<\/p>\n<p>Nast\u0119pnie przed nami pag\u00f3ry Roztocza Zachodniego, w jego cz\u0119\u015bci zwanego Roztoczem Gorajskim (dalej na wsch. wyr\u00f3\u017cnia si\u0119 jeszcze Roztocze Szczebrzeszy\u0144skie). Przez wiele lat nie by\u0142o tu praktycznie wcale znakowanych tras turystycznych, szcz\u0119\u015bliwie zaczyna si\u0119 to zmienia\u0107, w czym du\u017ca zas\u0142uga tw\u00f3rc\u00f3w Jastrz\u0119biej Zdebrzy. Dobrym pomys\u0142em s\u0105 tablice informacyjne z mapkami szlaku oraz zdj\u0119ciami i kr\u00f3tkimi informacjami o mijanych miejscowo\u015bciach. Koniecznie trzeba si\u0119 przy nich zatrzymywa\u0107!<\/p>\n<p>W K\u0105tach przeje\u017cd\u017camy most na Bia\u0142ej \u0141adzie. W pobli\u017cu wed\u0142ug mapy jest m\u0142yn, ale tym razem nie uda si\u0119 go zobaczy\u0107. Dalej Stara Wie\u015b. W Radzi\u0119cinie ciekawy ko\u015bci\u00f3\u0142 wart oddzielnej opowie\u015bci (obok, w 2009 r. utworzono park papieski), warto przyjecha\u0107 tu na d\u0142u\u017cej. Rowerzy\u015bci jad\u0105 jednak dalej. W\u015br\u00f3d zabudowa\u0144 skr\u0119t w prawo. Teraz raz jeszcze mostek nad Bia\u0142\u0105 \u0141ad\u0105 i ju\u017c zaczyna si\u0119 najciekawsza i najbardziej widokowa cz\u0119\u015b\u0107 szlaku.<\/p>\n<p class=\"center\"><img loading=\"lazy\" decoding=\"async\" class=\"aligncenter size-full wp-image-4952\" src=\"http:\/\/roztocze24.info\/wp-content\/uploads\/2019\/03\/IMG_5370.jpg\" alt=\"\" width=\"750\" height=\"500\" srcset=\"https:\/\/roztocze24.info\/wp-content\/uploads\/2019\/03\/IMG_5370.jpg 750w, https:\/\/roztocze24.info\/wp-content\/uploads\/2019\/03\/IMG_5370-300x200.jpg 300w\" sizes=\"auto, (max-width: 750px) 85vw, 750px\" \/><\/p>\n<p>Na kr\u00f3tkim odcinku jedziemy szos\u0105 z J\u0119drzej\u00f3wki do Woli Abramowskiej. Potem <strong>Wielka Je\u017c\u00f3wka<\/strong> &#8211; wzniesienie uznawane ostatnio za najwy\u017csze na Roztoczu Gorajskim.<\/p>\n<p class=\"center\"><img loading=\"lazy\" decoding=\"async\" class=\"aligncenter size-full wp-image-4953\" src=\"http:\/\/roztocze24.info\/wp-content\/uploads\/2019\/03\/IMG_5373.jpg\" alt=\"\" width=\"750\" height=\"500\" srcset=\"https:\/\/roztocze24.info\/wp-content\/uploads\/2019\/03\/IMG_5373.jpg 750w, https:\/\/roztocze24.info\/wp-content\/uploads\/2019\/03\/IMG_5373-300x200.jpg 300w\" sizes=\"auto, (max-width: 750px) 85vw, 750px\" \/><\/p>\n<p>Tak po prawdzie, to jest to ca\u0142e pasmo Je\u017c\u00f3wek, bo opr\u00f3cz tej Wielkiej jest jeszcze Ma\u0142a. Ponadto GPS wykaza\u0142 bodaj cztery g\u00f3rki o niemal identycznej wysoko\u015bci (r\u00f3\u017cnica ledwie 1 metra, przy b\u0142\u0119dzie pomiaru +\/- 4 metry). Trzeba po prostu przejecha\u0107 ca\u0142o\u015b\u0107 pasma!<\/p>\n<p class=\"center\"><img loading=\"lazy\" decoding=\"async\" class=\"aligncenter size-full wp-image-4954\" src=\"http:\/\/roztocze24.info\/wp-content\/uploads\/2019\/03\/IMG_5379.jpg\" alt=\"\" width=\"750\" height=\"500\" srcset=\"https:\/\/roztocze24.info\/wp-content\/uploads\/2019\/03\/IMG_5379.jpg 750w, https:\/\/roztocze24.info\/wp-content\/uploads\/2019\/03\/IMG_5379-300x200.jpg 300w\" sizes=\"auto, (max-width: 750px) 85vw, 750px\" \/><\/p>\n<p>Docieramy do szosy Goraj &#8211; Kondraty i opuszczamy tras\u0119 podstawow\u0105. Zako\u0144czenie rajdu (na trasie II wysz\u0142o 34 km) na polanie w dolinie ko\u0142o Gr\u00f3dek, poza szlakiem g\u0142\u00f3wnym (fotka poni\u017cej). Po bigosie i \u017curku ja ju\u017c si\u0119 ewakuowa\u0142em, ale potem mia\u0142y by\u0107 jeszcze cyga\u0144skie ta\u0144ce&#8230;<\/p>\n<h4>2. Okolice Kondrat\u00f3w \u2013 Turobin \u2013 Gr\u00f3dki (Gilowski Las)<\/h4>\n<p>\u015alad GPS trasy przedstawia si\u0119 nast\u0119puj\u0105co:<\/p>\n<p class=\"center\"><img loading=\"lazy\" decoding=\"async\" class=\"aligncenter size-full wp-image-4955\" src=\"http:\/\/roztocze24.info\/wp-content\/uploads\/2019\/03\/IMG_5455.jpg\" alt=\"\" width=\"500\" height=\"288\" srcset=\"https:\/\/roztocze24.info\/wp-content\/uploads\/2019\/03\/IMG_5455.jpg 500w, https:\/\/roztocze24.info\/wp-content\/uploads\/2019\/03\/IMG_5455-300x173.jpg 300w\" sizes=\"auto, (max-width: 500px) 85vw, 500px\" \/><\/p>\n<p>Start w lesie nieopodal Kondrat\u00f3w, czyli tam, gdzie zako\u0144czy\u0142o si\u0119 poprzednie moje spotkanie z podstawowym szlakiem. Zupe\u0142nie inna pogoda: jest cieplej i do tego s\u0142onecznie.<\/p>\n<p class=\"center\"><img loading=\"lazy\" decoding=\"async\" class=\"aligncenter size-full wp-image-4956\" src=\"http:\/\/roztocze24.info\/wp-content\/uploads\/2019\/03\/IMG_5456.jpg\" alt=\"\" width=\"750\" height=\"500\" srcset=\"https:\/\/roztocze24.info\/wp-content\/uploads\/2019\/03\/IMG_5456.jpg 750w, https:\/\/roztocze24.info\/wp-content\/uploads\/2019\/03\/IMG_5456-300x200.jpg 300w\" sizes=\"auto, (max-width: 750px) 85vw, 750px\" \/><\/p>\n<p>Jad\u0119 do Gr\u00f3dek. We wsi ciekawostka \u2013 ko\u015bci\u00f3\u0142 polskokatolicki.<br \/>\nPrzy cmentarzu, kr\u00f3tka wycieczka boczna w okolice ostatniego ju\u017c na Roztoczu Zachodnim zachowanego drewnianego wiatraka (obecnie przeniesiony do Klemensowa).<\/p>\n<p class=\"center\"><img loading=\"lazy\" decoding=\"async\" class=\"aligncenter size-full wp-image-4957\" src=\"http:\/\/roztocze24.info\/wp-content\/uploads\/2019\/03\/IMG_5468.jpg\" alt=\"\" width=\"750\" height=\"500\" srcset=\"https:\/\/roztocze24.info\/wp-content\/uploads\/2019\/03\/IMG_5468.jpg 750w, https:\/\/roztocze24.info\/wp-content\/uploads\/2019\/03\/IMG_5468-300x200.jpg 300w\" sizes=\"auto, (max-width: 750px) 85vw, 750px\" \/><\/p>\n<p>Dalej raz w g\u00f3r\u0119, raz w d\u00f3\u0142, raz na wierzchowinie, raz w w\u0105wozie.<\/p>\n<p class=\"center\"><img loading=\"lazy\" decoding=\"async\" class=\"aligncenter size-full wp-image-4958\" src=\"http:\/\/roztocze24.info\/wp-content\/uploads\/2019\/03\/IMG_5476.jpg\" alt=\"\" width=\"750\" height=\"500\" srcset=\"https:\/\/roztocze24.info\/wp-content\/uploads\/2019\/03\/IMG_5476.jpg 750w, https:\/\/roztocze24.info\/wp-content\/uploads\/2019\/03\/IMG_5476-300x200.jpg 300w\" sizes=\"auto, (max-width: 750px) 85vw, 750px\" \/><\/p>\n<p>Dooko\u0142a jeszcze sporo zieleni, ale zarazem coraz wi\u0119cej \u017c\u00f3\u0142ci i czerwieni. Na odcinkach le\u015bnych na \u015bcie\u017cce le\u017cy ju\u017c wiele li\u015bci. Fajnie szumi\u0105, gdy si\u0119 po nich jedzie\u2026<br \/>\nPrzy zje\u017adzie do Za\u0142awcza opuszczona i zaro\u015bni\u0119ta cegielnia, kt\u00f3ra wygl\u0105da niczym jaki\u015b dawny fort.<\/p>\n<p class=\"center\"><img loading=\"lazy\" decoding=\"async\" class=\"aligncenter size-full wp-image-4960\" src=\"http:\/\/roztocze24.info\/wp-content\/uploads\/2019\/03\/IMG_5481.jpg\" alt=\"\" width=\"750\" height=\"500\" srcset=\"https:\/\/roztocze24.info\/wp-content\/uploads\/2019\/03\/IMG_5481.jpg 750w, https:\/\/roztocze24.info\/wp-content\/uploads\/2019\/03\/IMG_5481-300x200.jpg 300w\" sizes=\"auto, (max-width: 750px) 85vw, 750px\" \/><\/p>\n<p>Doje\u017cd\u017cam do szosy na granicy Zagrobla i Rokitowa. Po drugiej jej stronie stary drewniany krzy\u017c, a obok metalowy. Kilkadziesi\u0105t metr\u00f3w dalej, ale ju\u017c po po\u0142udniowej stronie szosy, niemal identyczne krzy\u017ce i w tym samym drewniano-metalowym uk\u0142adzie.<\/p>\n<p>Teraz wycieczka boczna do Turobina. Najpierw przez \u0142\u0105ki, a za mostkiem na rzece Por ju\u017c w\u015br\u00f3d zabudowa\u0144. Zatrzymuj\u0119 si\u0119 przy ko\u015bciele, kt\u00f3rego prezbiterium pochodzi z 1530 r., p\u00f3\u017aniej przebudowywany. O\u0142tarz g\u0142\u00f3wny drewniany z ok. 1623 r., p\u00f3\u0142nocny marmurowy o\u0142tarz boczny z ok. 1630 r. Wed\u0142ug notatek z 1878 r. ks. Jana Olsza\u0144skiego, proboszcza tamtejszej parafii \u00f3w o\u0142tarz <em>na pogod\u0119 suchy, a na deszcz spocony<\/em>. Na p\u0142n. wewn\u0119trznej \u015bcianie prezbiterium renesansowa p\u0142yta nagrobna Anny \u015awidziny, zmar\u0142ej 15 IX 1546 r. Zwiedzam tak\u017ce tzw. turobi\u0144ski panteon, na kt\u00f3ry obok wspomnianego ko\u015bcio\u0142a tworzy cmentarz (z kaplic\u0105 cmentarn\u0105 \u015bw. El\u017cbiety z 1832 r.), drewniana kaplica \u015bw. Marka z 1822 r. i krzy\u017c powsta\u0144czy z 1863 r. Warto doda\u0107, \u017ce wed\u0142ug tradycji Turobin istnia\u0142 ju\u017c w XI w. (pierwsza wzmianka z 1388 r.). Swego czasu by\u0142 tu nawet zamek.<\/p>\n<p>Na szlak powracam inn\u0105 drog\u0105, szos\u0105 wiod\u0105c\u0105 przez Za\u0142awcze. W Rokitowie skr\u0119t w lewo, w zabudowania, a potem zmiana kierunku \u2013 ju\u017c prosto na po\u0142udnie. Niebawem, obok kapliczki z 1909 r. wymuszony post\u00f3j. Lessow\u0105 drog\u0105, kt\u00f3r\u0105 prowadzi dalsza cz\u0119\u015b\u0107 trasy, zmierza\u0142a w moim kierunku inwazja traktor\u00f3w (w liczbie czterech). Droga w\u0105ska, mowy nie ma o mijance. Trzeba czeka\u0107. Potem ponownie rozleg\u0142e widoki!<\/p>\n<p class=\"center\"><img loading=\"lazy\" decoding=\"async\" class=\"aligncenter size-full wp-image-4959\" src=\"http:\/\/roztocze24.info\/wp-content\/uploads\/2019\/03\/IMG_5493.jpg\" alt=\"\" width=\"750\" height=\"500\" srcset=\"https:\/\/roztocze24.info\/wp-content\/uploads\/2019\/03\/IMG_5493.jpg 750w, https:\/\/roztocze24.info\/wp-content\/uploads\/2019\/03\/IMG_5493-300x200.jpg 300w\" sizes=\"auto, (max-width: 750px) 85vw, 750px\" \/><\/p>\n<p>Teraz przecudny las D\u0119bnik. Nie brak w\u0105woz\u00f3w, pojawia si\u0119 tak\u017ce buczyna. G\u00f3rka to zarazem spora, niemal ca\u0142y czas podjazd! Zmacha\u0142em si\u0119 nieco, ale i tak pi\u0119knie by\u0142o.<\/p>\n<p class=\"center\"><img loading=\"lazy\" decoding=\"async\" class=\"aligncenter size-full wp-image-4961\" src=\"http:\/\/roztocze24.info\/wp-content\/uploads\/2019\/03\/IMG_5508.jpg\" alt=\"\" width=\"750\" height=\"500\" srcset=\"https:\/\/roztocze24.info\/wp-content\/uploads\/2019\/03\/IMG_5508.jpg 750w, https:\/\/roztocze24.info\/wp-content\/uploads\/2019\/03\/IMG_5508-300x200.jpg 300w\" sizes=\"auto, (max-width: 750px) 85vw, 750px\" \/><\/p>\n<p>W Gilowie mijam \u0142adny drewniany ko\u015bci\u00f3\u0142ek&#8230;<\/p>\n<p><img loading=\"lazy\" decoding=\"async\" class=\"aligncenter size-full wp-image-4962\" src=\"http:\/\/roztocze24.info\/wp-content\/uploads\/2019\/03\/IMG_5511.jpg\" alt=\"\" width=\"750\" height=\"500\" srcset=\"https:\/\/roztocze24.info\/wp-content\/uploads\/2019\/03\/IMG_5511.jpg 750w, https:\/\/roztocze24.info\/wp-content\/uploads\/2019\/03\/IMG_5511-300x200.jpg 300w\" sizes=\"auto, (max-width: 750px) 85vw, 750px\" \/><\/p>\n<p>&#8230;i opuszczam szlak Jastrz\u0119bia Zdebrz i tym razem za pieszym szlakiem niebieskim w\u015br\u00f3d kolor\u00f3w jesieni zmierzam do doliny za Gilowskim Lasem. Tu mia\u0142o miejsce zako\u0144czenie rajdu wrze\u015bniowego, tu tak\u017ce ko\u0144cz\u0119 kolejny etap trasy.<\/p>\n<p class=\"center\"><img loading=\"lazy\" decoding=\"async\" class=\"aligncenter size-full wp-image-4963\" src=\"http:\/\/roztocze24.info\/wp-content\/uploads\/2019\/03\/IMG_5519.jpg\" alt=\"\" width=\"750\" height=\"500\" srcset=\"https:\/\/roztocze24.info\/wp-content\/uploads\/2019\/03\/IMG_5519.jpg 750w, https:\/\/roztocze24.info\/wp-content\/uploads\/2019\/03\/IMG_5519-300x200.jpg 300w\" sizes=\"auto, (max-width: 750px) 85vw, 750px\" \/><\/p>\n<h4>3. Gil\u00f3w \u2013 J\u0119drzej\u00f3wka \u2013 Teodor\u00f3wka \u2013 Trz\u0119siny<\/h4>\n<p>Zaczynam tam, gdzie poprzednio porzuci\u0142em szlak podstawowy, czyli w Gilowie. \u015alad GPS poni\u017cej.<\/p>\n<p class=\"center\"><img loading=\"lazy\" decoding=\"async\" class=\"aligncenter size-full wp-image-4964\" src=\"http:\/\/roztocze24.info\/wp-content\/uploads\/2019\/03\/img_5527.jpg\" alt=\"\" width=\"500\" height=\"292\" srcset=\"https:\/\/roztocze24.info\/wp-content\/uploads\/2019\/03\/img_5527.jpg 500w, https:\/\/roztocze24.info\/wp-content\/uploads\/2019\/03\/img_5527-300x175.jpg 300w\" sizes=\"auto, (max-width: 500px) 85vw, 500px\" \/><\/p>\n<p>Na pocz\u0105tek troch\u0119 grani\u00f3wki, potem skr\u0119t w lewo w w\u0105w\u00f3z i nast\u0119pnie w prawo. Teraz prosto przez wzg\u00f3rza ponownie na Docieram do drogi z betonowych p\u0142yt, dalej prosto w d\u00f3\u0142. Jad\u0119 kr\u00f3ciutko asfaltem przez zabudowania Hoszni Ordynackiej i dalej w\u015br\u00f3d p\u00f3l na p\u0142d.-wsch. Po lewej widoki na zalesione pasmo wzg\u00f3rz, w\u015br\u00f3d kt\u00f3rych wyr\u00f3\u017cnia si\u0119 stroma \u015bciana \u0141y\u015bca.<\/p>\n<p class=\"center\"><img loading=\"lazy\" decoding=\"async\" class=\"aligncenter size-full wp-image-4418\" src=\"http:\/\/roztocze24.info\/wp-content\/uploads\/2018\/10\/IMG_5543.jpg\" alt=\"\" width=\"750\" height=\"500\" srcset=\"https:\/\/roztocze24.info\/wp-content\/uploads\/2018\/10\/IMG_5543.jpg 750w, https:\/\/roztocze24.info\/wp-content\/uploads\/2018\/10\/IMG_5543-300x200.jpg 300w\" sizes=\"auto, (max-width: 750px) 85vw, 750px\" \/><\/p>\n<p>Pn\u0119 si\u0119 pod g\u00f3r\u0119 i trafiam do zabudowa\u0144 J\u0119drzej\u00f3wki G\u00f3ry. Tam pi\u0119kne, prawdziwie beskidzkie widoki!<\/p>\n<p class=\"center\"><img loading=\"lazy\" decoding=\"async\" class=\"aligncenter size-full wp-image-4965\" src=\"http:\/\/roztocze24.info\/wp-content\/uploads\/2019\/03\/IMG_5548.jpg\" alt=\"\" width=\"750\" height=\"500\" srcset=\"https:\/\/roztocze24.info\/wp-content\/uploads\/2019\/03\/IMG_5548.jpg 750w, https:\/\/roztocze24.info\/wp-content\/uploads\/2019\/03\/IMG_5548-300x200.jpg 300w\" sizes=\"auto, (max-width: 750px) 85vw, 750px\" \/><\/p>\n<p class=\"center\"><img loading=\"lazy\" decoding=\"async\" class=\"aligncenter size-full wp-image-4966\" src=\"http:\/\/roztocze24.info\/wp-content\/uploads\/2019\/03\/IMG_5549.jpg\" alt=\"\" width=\"750\" height=\"500\" srcset=\"https:\/\/roztocze24.info\/wp-content\/uploads\/2019\/03\/IMG_5549.jpg 750w, https:\/\/roztocze24.info\/wp-content\/uploads\/2019\/03\/IMG_5549-300x200.jpg 300w\" sizes=\"auto, (max-width: 750px) 85vw, 750px\" \/><\/p>\n<p class=\"center\"><img loading=\"lazy\" decoding=\"async\" class=\"aligncenter size-full wp-image-4967\" src=\"http:\/\/roztocze24.info\/wp-content\/uploads\/2019\/03\/IMG_5551.jpg\" alt=\"\" width=\"750\" height=\"500\" srcset=\"https:\/\/roztocze24.info\/wp-content\/uploads\/2019\/03\/IMG_5551.jpg 750w, https:\/\/roztocze24.info\/wp-content\/uploads\/2019\/03\/IMG_5551-300x200.jpg 300w\" sizes=\"auto, (max-width: 750px) 85vw, 750px\" \/><\/p>\n<p class=\"center\"><img loading=\"lazy\" decoding=\"async\" class=\"aligncenter size-full wp-image-4968\" src=\"http:\/\/roztocze24.info\/wp-content\/uploads\/2019\/03\/IMG_5560-1.jpg\" alt=\"\" width=\"750\" height=\"500\" srcset=\"https:\/\/roztocze24.info\/wp-content\/uploads\/2019\/03\/IMG_5560-1.jpg 750w, https:\/\/roztocze24.info\/wp-content\/uploads\/2019\/03\/IMG_5560-1-300x200.jpg 300w\" sizes=\"auto, (max-width: 750px) 85vw, 750px\" \/><\/p>\n<p>Szlak skr\u0119ca w lewo wprowadzaj\u0105c w w\u0105wozik.<\/p>\n<p class=\"center\"><img loading=\"lazy\" decoding=\"async\" class=\"aligncenter size-full wp-image-4969\" src=\"http:\/\/roztocze24.info\/wp-content\/uploads\/2019\/03\/IMG_5567.jpg\" alt=\"\" width=\"750\" height=\"500\" srcset=\"https:\/\/roztocze24.info\/wp-content\/uploads\/2019\/03\/IMG_5567.jpg 750w, https:\/\/roztocze24.info\/wp-content\/uploads\/2019\/03\/IMG_5567-300x200.jpg 300w\" sizes=\"auto, (max-width: 750px) 85vw, 750px\" \/><\/p>\n<p>Teraz stromo w d\u00f3\u0142 do szosy (tu sklep spo\u017cywczy). Po 1 km opuszczam asfalt i udaj\u0119 si\u0119 w prawo. Czas na kolejny odcinek w\u0105wozowo-terenowy. Dalej zabudowania Komodzianki. Do Teodor\u00f3wki jad\u0119 wygodnym asfaltem, tu skr\u0119t w poln\u0105 drog\u0119 w lewo. Ponownie jazda grzbietem roztocza\u0144skich wzg\u00f3rz. 1 km od opuszczenia szosy skr\u0119t w prawo. Zje\u017cd\u017cam na zach. w dolin\u0119. Tu kilka zabudowa\u0144, to tzw. G\u0142upia Wie\u015b (nadal nie mo\u017cna tu dojecha\u0107 nie tylko asfaltem, ale nawet droga utwardzan\u0105).<\/p>\n<p class=\"center\"><img loading=\"lazy\" decoding=\"async\" class=\"aligncenter size-full wp-image-4970\" src=\"http:\/\/roztocze24.info\/wp-content\/uploads\/2019\/03\/IMG_5581.jpg\" alt=\"\" width=\"750\" height=\"500\" srcset=\"https:\/\/roztocze24.info\/wp-content\/uploads\/2019\/03\/IMG_5581.jpg 750w, https:\/\/roztocze24.info\/wp-content\/uploads\/2019\/03\/IMG_5581-300x200.jpg 300w\" sizes=\"auto, (max-width: 750px) 85vw, 750px\" \/><\/p>\n<p>Ponowna zmiana kierunku na p\u0142d. i wspinaczka na wzg\u00f3rza. Przecinam drog\u0119 krajow\u0105 nr 74. Wed\u0142ug mapy droga na wierzchowinie jest prosta, w istocie rzecz jest bardziej skomplikowana, sporo tu krzy\u017cuj\u0105cych si\u0119 dukt\u00f3w. Ciekawostk\u0105 jest kamienio\u0142om.<\/p>\n<p class=\"center\"><img loading=\"lazy\" decoding=\"async\" class=\"aligncenter size-full wp-image-4971\" src=\"http:\/\/roztocze24.info\/wp-content\/uploads\/2019\/03\/IMG_5601.jpg\" alt=\"\" width=\"750\" height=\"500\" srcset=\"https:\/\/roztocze24.info\/wp-content\/uploads\/2019\/03\/IMG_5601.jpg 750w, https:\/\/roztocze24.info\/wp-content\/uploads\/2019\/03\/IMG_5601-300x200.jpg 300w\" sizes=\"auto, (max-width: 750px) 85vw, 750px\" \/><\/p>\n<p>Pozosta\u0142 ju\u017c tylko przyjemny zjazd do Smorynia. Przy kamiennym bia\u0142ym krzy\u017cu osi\u0105gam szos\u0119 i udaj\u0119 si\u0119 w prawo do drewnianego ko\u015bci\u00f3\u0142ka w Trz\u0119sinach. Szlak Jastrz\u0119bia Zdebrz sko\u0144czony!!!!!<\/p>\n<p class=\"center\"><img loading=\"lazy\" decoding=\"async\" class=\"aligncenter size-full wp-image-4972\" src=\"http:\/\/roztocze24.info\/wp-content\/uploads\/2019\/03\/IMG_5613.jpg\" alt=\"\" width=\"750\" height=\"500\" srcset=\"https:\/\/roztocze24.info\/wp-content\/uploads\/2019\/03\/IMG_5613.jpg 750w, https:\/\/roztocze24.info\/wp-content\/uploads\/2019\/03\/IMG_5613-300x200.jpg 300w\" sizes=\"auto, (max-width: 750px) 85vw, 750px\" \/><\/p>\n<p><em>Wrzesie\u0144\/pa\u017adziernik 2008<\/em><\/p>\n","protected":false},"excerpt":{"rendered":"<p>S\u0142owo jastrz\u0119bia nawi\u0105zuje do wysokiego poziomu trudno\u015bci szlaku (liczne zjazdy i podjazdy). W zasadzie to mia\u0142 by\u0107 orli szlak, ale poniewa\u017c or\u0142\u00f3w tu w przyrodzie brak, zdecydowano si\u0119 na jastrz\u0119bie. Natomiast zdebrz to odniesienie do licznych tu w\u0105woz\u00f3w. Przebieg szlaku: Bi\u0142goraj \u2013 K\u0105ty \u2013 Radzi\u0119cin \u2013 Abram\u00f3w \u2013 Wielka i Ma\u0142a Jez\u00f3wka \u2013 okolice Kondrat\u00f3w &hellip; <a href=\"https:\/\/roztocze24.info\/?page_id=939\" class=\"more-link\">Czytaj dalej<span class=\"screen-reader-text\"> \u201eSzlak rowerowy Jastrz\u0119bia Zdebrz na Roztoczu Zachodnim\u201d<\/span><\/a><\/p>\n","protected":false},"author":1,"featured_media":0,"parent":934,"menu_order":0,"comment_status":"closed","ping_status":"closed","template":"","meta":{"footnotes":""},"class_list":["post-939","page","type-page","status-publish","hentry"],"_links":{"self":[{"href":"https:\/\/roztocze24.info\/index.php?rest_route=\/wp\/v2\/pages\/939","targetHints":{"allow":["GET"]}}],"collection":[{"href":"https:\/\/roztocze24.info\/index.php?rest_route=\/wp\/v2\/pages"}],"about":[{"href":"https:\/\/roztocze24.info\/index.php?rest_route=\/wp\/v2\/types\/page"}],"author":[{"embeddable":true,"href":"https:\/\/roztocze24.info\/index.php?rest_route=\/wp\/v2\/users\/1"}],"replies":[{"embeddable":true,"href":"https:\/\/roztocze24.info\/index.php?rest_route=%2Fwp%2Fv2%2Fcomments&post=939"}],"version-history":[{"count":1,"href":"https:\/\/roztocze24.info\/index.php?rest_route=\/wp\/v2\/pages\/939\/revisions"}],"predecessor-version":[{"id":4973,"href":"https:\/\/roztocze24.info\/index.php?rest_route=\/wp\/v2\/pages\/939\/revisions\/4973"}],"up":[{"embeddable":true,"href":"https:\/\/roztocze24.info\/index.php?rest_route=\/wp\/v2\/pages\/934"}],"wp:attachment":[{"href":"https:\/\/roztocze24.info\/index.php?rest_route=%2Fwp%2Fv2%2Fmedia&parent=939"}],"curies":[{"name":"wp","href":"https:\/\/api.w.org\/{rel}","templated":true}]}}